{"id":10482,"date":"2023-04-03T07:32:21","date_gmt":"2023-04-03T05:32:21","guid":{"rendered":"https:\/\/cms.zdv.uni-mainz.de\/fb02-innenpolitik\/?page_id=10482"},"modified":"2025-08-21T14:39:37","modified_gmt":"2025-08-21T12:39:37","slug":"start-innenpolitik","status":"publish","type":"page","link":"https:\/\/innen.politik.uni-mainz.de\/en\/","title":{"rendered":"German Politics and political sociology"},"content":{"rendered":"\n<div style=\"height:90px\" aria-hidden=\"true\" class=\"wp-block-spacer\"><\/div>\n<jgu-base-pageheader react-props=\"{\n    &quot;items&quot;: [\n        {\n            &quot;box&quot;: {\n                &quot;index&quot;: &quot;Research Unit&quot;,\n                &quot;title&quot;: &quot;German Politics\\\/&lt;br&gt;Political Sociology&quot;,\n                &quot;link&quot;: {\n                    &quot;url&quot;: &quot;&quot;,\n                    &quot;title&quot;: &quot;learn more&quot;\n                }\n            },\n            &quot;color&quot;: &quot;red&quot;,\n            &quot;image&quot;: {\n                &quot;url&quot;: &quot;https:\\\/\\\/cms.zdv.uni-mainz.de\\\/fb02-innenpolitik\\\/wp-content\\\/uploads\\\/sites\\\/734\\\/2025\\\/07\\\/innenpolitik-reichtstag-scaled-1.jpg&quot;,\n                &quot;id&quot;: 10743,\n                &quot;credit&quot;: &quot;AdobeStock_225856806; Knut Hebstreit&quot;,\n                &quot;description&quot;: &quot;Bundestag im Reichstagsgeb\\u00e4ude in der Herbstsonne.&quot;,\n                &quot;alt&quot;: &quot;Bundestag im Reichstagsgeb\\u00e4ude in der Herbstsonne&quot;,\n                &quot;caption&quot;: &quot;berlin reichstag autumn scene&quot;,\n                &quot;title&quot;: &quot;berlin reichstag autumn&quot;,\n                &quot;width&quot;: 1280,\n                &quot;height&quot;: 848,\n                &quot;srcset&quot;: &quot;https:\\\/\\\/cms.zdv.uni-mainz.de\\\/fb02-innenpolitik\\\/wp-content\\\/uploads\\\/sites\\\/734\\\/2025\\\/07\\\/innenpolitik-reichtstag-scaled-1.jpg 1280w, https:\\\/\\\/cms.zdv.uni-mainz.de\\\/fb02-innenpolitik\\\/wp-content\\\/uploads\\\/sites\\\/734\\\/2025\\\/07\\\/innenpolitik-reichtstag-scaled-1-300x199.jpg 300w, https:\\\/\\\/cms.zdv.uni-mainz.de\\\/fb02-innenpolitik\\\/wp-content\\\/uploads\\\/sites\\\/734\\\/2025\\\/07\\\/innenpolitik-reichtstag-scaled-1-1024x678.jpg 1024w, https:\\\/\\\/cms.zdv.uni-mainz.de\\\/fb02-innenpolitik\\\/wp-content\\\/uploads\\\/sites\\\/734\\\/2025\\\/07\\\/innenpolitik-reichtstag-scaled-1-768x509.jpg 768w&quot;\n            },\n            &quot;imgCredit&quot;: &quot;&quot;,\n            &quot;useVideo&quot;: false,\n            &quot;video&quot;: false\n        }\n    ],\n    &quot;type&quot;: &quot;default&quot;,\n    &quot;useBreadcrumb&quot;: true,\n    &quot;align&quot;: &quot;full&quot;,\n    &quot;quicklinks&quot;: {\n        &quot;show&quot;: false,\n        &quot;selects&quot;: []\n    }\n}\">\n<\/jgu-base-pageheader><jgu-base-anchornavigation react-props=\"{\n    &quot;theme&quot;: &quot;default&quot;,\n    &quot;align&quot;: &quot;wide&quot;\n}\">\n    \n<\/jgu-base-anchornavigation><jgu-base-section react-props=\"{&quot;color&quot;:&quot;light&quot;,&quot;align&quot;:&quot;wide&quot;,&quot;padding&quot;:&quot;medium&quot;}\">\n<div class=\"jgu-bgsection bg bg-light\"><div class=\"content padding-medium\"><div\n\tclass=\"jgu-anchorpoint\"\n\tid=\"area-domestic-politics-political-sociology\"\n\tdata-label=\"German Politics\/Political Sociology\"\n\tdata-hide-in-nav=\"false\"\n\ttabindex=\"0\"\n\tdata-initial-scroll=\"true\"\n><\/div>\n\n\n<jgu-base-heading react-props=\"{\n    &quot;index&quot;: &quot;Research Unit&quot;,\n    &quot;tags&quot;: {\n        &quot;htmlTag&quot;: &quot;h2&quot;,\n        &quot;classTag&quot;: &quot;&quot;,\n        &quot;tag&quot;: &quot;h2&quot;\n    },\n    &quot;heading&quot;: &quot;German Politics\\\/Political Sociology&quot;,\n    &quot;textAlign&quot;: &quot;left&quot;,\n    &quot;anchor&quot;: &quot;&quot;,\n    &quot;color&quot;: &quot;red&quot;\n}\"><\/jgu-base-heading>\n\n\n\n<div class=\"wp-block-columns is-layout-flex wp-container-core-columns-is-layout-9d6595d7 wp-block-columns-is-layout-flex\">\n<div class=\"wp-block-column is-layout-flow wp-block-column-is-layout-flow\">\n<p>We research and teach on topics of (German) domestic politics and political sociology. This includes, above all, election, attitude and party research. A particular focus of our department are the areas of right-wing extremism, right-wing radicalism and right-wing populism.  <\/p>\n<\/div>\n\n\n\n<div class=\"wp-block-column is-layout-flow wp-block-column-is-layout-flow\"><jgu-base-image react-props=\"{\n    &quot;image&quot;: {\n        &quot;url&quot;: &quot;https:\\\/\\\/cms.zdv.uni-mainz.de\\\/fb02-innenpolitik\\\/wp-content\\\/uploads\\\/sites\\\/734\\\/2025\\\/07\\\/abteilung-innenpolitik-scaled-1.jpg&quot;,\n        &quot;id&quot;: 10737,\n        &quot;alt&quot;: &quot;Abteilung Innenpolitik 2025 mit Prof. Arzheimer und allen Mitarbeiter:innen&quot;,\n        &quot;caption&quot;: &quot;Abteilung Innenpolitik 2025&quot;,\n        &quot;credit&quot;: &quot;Simone Schaller&quot;,\n        &quot;description&quot;: &quot;Abteilung Innenpolitik 2025 mit Prof. Arzheimer und allen Mitarbeiter:innen&quot;,\n        &quot;title&quot;: &quot;Abteilung Innenpolitik 2025&quot;,\n        &quot;width&quot;: 1280,\n        &quot;height&quot;: 852,\n        &quot;srcset&quot;: &quot;https:\\\/\\\/cms.zdv.uni-mainz.de\\\/fb02-innenpolitik\\\/wp-content\\\/uploads\\\/sites\\\/734\\\/2025\\\/07\\\/abteilung-innenpolitik-scaled-1.jpg 1280w, https:\\\/\\\/cms.zdv.uni-mainz.de\\\/fb02-innenpolitik\\\/wp-content\\\/uploads\\\/sites\\\/734\\\/2025\\\/07\\\/abteilung-innenpolitik-scaled-1-300x200.jpg 300w, https:\\\/\\\/cms.zdv.uni-mainz.de\\\/fb02-innenpolitik\\\/wp-content\\\/uploads\\\/sites\\\/734\\\/2025\\\/07\\\/abteilung-innenpolitik-scaled-1-1024x682.jpg 1024w, https:\\\/\\\/cms.zdv.uni-mainz.de\\\/fb02-innenpolitik\\\/wp-content\\\/uploads\\\/sites\\\/734\\\/2025\\\/07\\\/abteilung-innenpolitik-scaled-1-768x511.jpg 768w&quot;\n    },\n    &quot;caption&quot;: &quot;German Politics\\\/Political Sociology&quot;,\n    &quot;align&quot;: &quot;&quot;,\n    &quot;hasLightbox&quot;: false,\n    &quot;imgWidth&quot;: 0,\n    &quot;link&quot;: {\n        &quot;url&quot;: &quot;&quot;,\n        &quot;target&quot;: &quot;&quot;,\n        &quot;rel&quot;: &quot;&quot;\n    }\n}\" class=\"align-\">\n    \n<\/jgu-base-image><\/div>\n<\/div>\n<\/div><\/div>\n<\/jgu-base-section><jgu-base-section react-props=\"{&quot;color&quot;:&quot;white&quot;,&quot;align&quot;:&quot;wide&quot;,&quot;padding&quot;:&quot;medium&quot;}\">\n<div class=\"jgu-bgsection bg bg-white\"><div class=\"content padding-medium\"><div\n\tclass=\"jgu-anchorpoint\"\n\tid=\"news\"\n\tdata-label=\"News\"\n\tdata-hide-in-nav=\"false\"\n\ttabindex=\"0\"\n\tdata-initial-scroll=\"true\"\n><\/div>\n\n\n<jgu-base-heading react-props=\"{\n    &quot;index&quot;: &quot;News&quot;,\n    &quot;tags&quot;: {\n        &quot;htmlTag&quot;: &quot;h2&quot;,\n        &quot;classTag&quot;: &quot;h1&quot;,\n        &quot;tag&quot;: &quot;h2.h1&quot;\n    },\n    &quot;heading&quot;: &quot;News and Publications&quot;,\n    &quot;className&quot;: &quot;&quot;,\n    &quot;textAlign&quot;: &quot;left&quot;,\n    &quot;anchor&quot;: &quot;&quot;,\n    &quot;color&quot;: &quot;red&quot;\n}\"><\/jgu-base-heading>\n\n\n<jgu-base-postlisting react-props=\"{\n    &quot;categories&quot;: [\n        &quot;734;all&quot;\n    ],\n    &quot;color&quot;: &quot;blue&quot;,\n    &quot;align&quot;: &quot;&quot;,\n    &quot;type&quot;: &quot;slider&quot;,\n    &quot;isInFocus&quot;: false,\n    &quot;focusGroup&quot;: [],\n    &quot;isInFocusListing&quot;: false,\n    &quot;focusGroupListing&quot;: [],\n    &quot;categoriesListing&quot;: [],\n    &quot;limitListing&quot;: 10,\n    &quot;count&quot;: 10,\n    &quot;headline&quot;: &quot;Pressemeldungen&quot;,\n    &quot;secondHeadline&quot;: &quot;Kurznews&quot;,\n    &quot;posts&quot;: [\n        {\n            &quot;id&quot;: &quot;11028&quot;,\n            &quot;index&quot;: &quot;23.02.2026&quot;,\n            &quot;title&quot;: &quot;Wer steht zur Wahl bei der Landtagswahl Rheinland-Pfalz 2026? Parteiprofile ver\\u00f6ffentlicht&quot;,\n            &quot;excerpt&quot;: &quot;Im Vorfeld der Landtagswahlen in Rheinland-Pfalz 2026 hat die Abteilung Innenpolitik\\\/Politische Soziologie im Auftrag der Bundeszentrale f\\u00fcr politische Bildung die&amp;hellip;&quot;,\n            &quot;link&quot;: {\n                &quot;url&quot;: &quot;https:\\\/\\\/innen.politik.uni-mainz.de\\\/2026\\\/02\\\/23\\\/wer-steht-zur-wahl-bei-der-landtagswahl-rheinland-pfalz-2026-parteiprofile-veroeffentlicht\\\/&quot;,\n                &quot;title&quot;: &quot;mehr erfahren&quot;,\n                &quot;target&quot;: &quot;_self&quot;\n            },\n            &quot;linkIcon&quot;: &quot;arrow-right-solid&quot;,\n            &quot;media&quot;: {},\n            &quot;image&quot;: {\n                &quot;url&quot;: &quot;https:\\\/\\\/cms.zdv.uni-mainz.de\\\/fb02-innenpolitik\\\/wp-content\\\/uploads\\\/sites\\\/734\\\/2026\\\/02\\\/20240425_090103-scaled.jpg&quot;,\n                &quot;credit&quot;: &quot;Jasmin Fitzpatrick&quot;\n            }\n        },\n        {\n            &quot;id&quot;: &quot;11002&quot;,\n            &quot;index&quot;: &quot;11.12.2025&quot;,\n            &quot;title&quot;: &quot;Talk: Mona Krewel (Wellington) - Targeted Electoral Advertising on social media in the 2024 US Presidential Election&quot;,\n            &quot;excerpt&quot;: &quot;As an early Christmas treat, Mona Krewel (Victoria University of Wellington) will present her current work on targeted social media&amp;hellip;&quot;,\n            &quot;link&quot;: {\n                &quot;url&quot;: &quot;https:\\\/\\\/innen.politik.uni-mainz.de\\\/2025\\\/12\\\/11\\\/talk-mona-krewel-wellington-targeted-electoral-advertising-on-social-media-in-the-2024-us-presidential-election\\\/&quot;,\n                &quot;title&quot;: &quot;mehr erfahren&quot;,\n                &quot;target&quot;: &quot;_self&quot;\n            },\n            &quot;linkIcon&quot;: &quot;arrow-right-solid&quot;,\n            &quot;media&quot;: {},\n            &quot;image&quot;: {\n                &quot;url&quot;: &quot;https:\\\/\\\/cms.zdv.uni-mainz.de\\\/fb02-innenpolitik\\\/wp-content\\\/uploads\\\/sites\\\/734\\\/2025\\\/12\\\/jon-tyson-FgewqOVtwbY-unsplash-scaled.jpg&quot;,\n                &quot;credit&quot;: &quot;Photo by &lt;a href=\\&quot;https:\\\/\\\/unsplash.com\\\/@jontyson?utm_source=unsplash&amp;utm_medium=referral&amp;utm_content=creditCopyText\\&quot;&gt;Jon Tyson&lt;\\\/a&gt; on &lt;a href=\\&quot;https:\\\/\\\/unsplash.com\\\/photos\\\/text-FgewqOVtwbY?utm_source=unsplash&amp;utm_medium=referral&amp;utm_content=creditCopyText\\&quot;&gt;Unsplash&lt;\\\/a&gt;       &quot;\n            }\n        },\n        {\n            &quot;id&quot;: &quot;10981&quot;,\n            &quot;index&quot;: &quot;05.12.2025&quot;,\n            &quot;title&quot;: &quot;Jessica Haak: The Impact of Weather Extremes on Candidates&#039; Climate Communication on Twitter&quot;,\n            &quot;excerpt&quot;: &quot;Am 11.12., 12-14 Uhr, 02-617 GFG, spricht unsere Alumna Jessica Haak (Uni Hamburg) im Kolloquium unserer Abteilung \\u00fcber die strategische&amp;hellip;&quot;,\n            &quot;link&quot;: {\n                &quot;url&quot;: &quot;https:\\\/\\\/innen.politik.uni-mainz.de\\\/2025\\\/12\\\/05\\\/jessica-haak-the-impact-of-weather-extremes-on-candidates-climate-communication-on-twitter\\\/&quot;,\n                &quot;title&quot;: &quot;mehr erfahren&quot;,\n                &quot;target&quot;: &quot;_self&quot;\n            },\n            &quot;linkIcon&quot;: &quot;arrow-right-solid&quot;,\n            &quot;media&quot;: {},\n            &quot;image&quot;: {\n                &quot;url&quot;: &quot;https:\\\/\\\/cms.zdv.uni-mainz.de\\\/fb02-innenpolitik\\\/wp-content\\\/uploads\\\/sites\\\/734\\\/2025\\\/12\\\/twitter.jpg&quot;,\n                &quot;credit&quot;: &quot;&quot;\n            }\n        },\n        {\n            &quot;id&quot;: &quot;10960&quot;,\n            &quot;index&quot;: &quot;02.12.2025&quot;,\n            &quot;title&quot;: &quot;Promotionsstelle in der Abteilung Innenpolitik und Politische Soziologie&quot;,\n            &quot;excerpt&quot;: &quot;Zum 01.04. suchen wir Verst\\u00e4rkung f\\u00fcr unser Team in der Abteilung Innenpolitik &amp;amp; Politische Soziologie. Wir bieten: eine volle Promotionsstelle&amp;hellip;&quot;,\n            &quot;link&quot;: {\n                &quot;url&quot;: &quot;https:\\\/\\\/innen.politik.uni-mainz.de\\\/2025\\\/12\\\/02\\\/promotionsstelle-in-der-abteilung-innenpolitik-und-politische-soziologie\\\/&quot;,\n                &quot;title&quot;: &quot;mehr erfahren&quot;,\n                &quot;target&quot;: &quot;_self&quot;\n            },\n            &quot;linkIcon&quot;: &quot;arrow-right-solid&quot;,\n            &quot;media&quot;: {},\n            &quot;image&quot;: {\n                &quot;url&quot;: &quot;https:\\\/\\\/cms.zdv.uni-mainz.de\\\/fb02-innenpolitik\\\/wp-content\\\/uploads\\\/sites\\\/734\\\/2025\\\/07\\\/abteilung-innenpolitik-scaled-1.jpg&quot;,\n                &quot;credit&quot;: &quot;Simone Schaller&quot;\n            }\n        },\n        {\n            &quot;id&quot;: &quot;10930&quot;,\n            &quot;index&quot;: &quot;02.12.2025&quot;,\n            &quot;title&quot;: &quot;Talk -  Sarah de Lange (Leiden): Operating in a polarised world: Predictors of harassment and intimidation of political scientists in Northwestern Europe and Canada&quot;,\n            &quot;excerpt&quot;: &quot;On Wednesday, December 10, 2025, from 4:00 p.m. (P5), we welcome a special guest in the Research Workshop: Professor Sarah&amp;hellip;&quot;,\n            &quot;link&quot;: {\n                &quot;url&quot;: &quot;https:\\\/\\\/innen.politik.uni-mainz.de\\\/en\\\/2025\\\/12\\\/02\\\/harassment-and-intimidation-of-political-scientists\\\/&quot;,\n                &quot;title&quot;: &quot;mehr erfahren&quot;,\n                &quot;target&quot;: &quot;_self&quot;\n            },\n            &quot;linkIcon&quot;: &quot;arrow-right-solid&quot;,\n            &quot;media&quot;: {},\n            &quot;image&quot;: {\n                &quot;url&quot;: &quot;https:\\\/\\\/cms.zdv.uni-mainz.de\\\/fb02-innenpolitik\\\/wp-content\\\/uploads\\\/sites\\\/734\\\/2025\\\/12\\\/d200x250.jpeg&quot;,\n                &quot;credit&quot;: &quot;&quot;\n            }\n        },\n        {\n            &quot;id&quot;: &quot;10918&quot;,\n            &quot;index&quot;: &quot;02.12.2025&quot;,\n            &quot;title&quot;: &quot;Einladung zum Vortrag von Sarah de Lange (Leiden): Operating in a polarised world: Predictors of harassment and intimidation of political scientists in Northwestern Europe and Canada&quot;,\n            &quot;excerpt&quot;: &quot;Am Mittwoch, 10.12.25, 16-18 Uhr (P5) begr\\u00fc\\u00dfen wir in der Forschungswerkstatt einen besonderen Gast: Professor Sarah de Lange ist vielen&amp;hellip;&quot;,\n            &quot;link&quot;: {\n                &quot;url&quot;: &quot;https:\\\/\\\/innen.politik.uni-mainz.de\\\/2025\\\/12\\\/02\\\/einladung-zum-vortrag-von-sarah-de-lange-leiden-operating-in-a-polarised-world-predictors-of-harassment-and-intimidation-of-political-scientists-in-northwestern-europe-and-canada\\\/&quot;,\n                &quot;title&quot;: &quot;mehr erfahren&quot;,\n                &quot;target&quot;: &quot;_self&quot;\n            },\n            &quot;linkIcon&quot;: &quot;arrow-right-solid&quot;,\n            &quot;media&quot;: {},\n            &quot;image&quot;: {\n                &quot;url&quot;: &quot;https:\\\/\\\/cms.zdv.uni-mainz.de\\\/fb02-innenpolitik\\\/wp-content\\\/uploads\\\/sites\\\/734\\\/2025\\\/12\\\/d200x250.jpeg&quot;,\n                &quot;credit&quot;: &quot;&quot;\n            }\n        },\n        {\n            &quot;id&quot;: &quot;10831&quot;,\n            &quot;index&quot;: &quot;07.10.2025&quot;,\n            &quot;title&quot;: &quot;Neue Publikation aus dem Bereich: Islamophobia in Western Europe is unrelated to religiosity but highly correlated with far-right attitudes&quot;,\n            &quot;excerpt&quot;: &quot;Im Juli 2025 ist in der Zeitschrift Research &amp;amp; Politics ein neuer Artikel aus unserem Bereich erschienen. In ihm zeigt&amp;hellip;&quot;,\n            &quot;link&quot;: {\n                &quot;url&quot;: &quot;https:\\\/\\\/innen.politik.uni-mainz.de\\\/2025\\\/10\\\/07\\\/neue-publikation-aus-dem-bereich-islamophobia-in-western-europe-is-unrelated-to-religiosity-but-highly-correlated-with-far-right-attitudes\\\/&quot;,\n                &quot;title&quot;: &quot;mehr erfahren&quot;,\n                &quot;target&quot;: &quot;_self&quot;\n            },\n            &quot;linkIcon&quot;: &quot;arrow-right-solid&quot;,\n            &quot;media&quot;: {},\n            &quot;image&quot;: {\n                &quot;url&quot;: &quot;https:\\\/\\\/cms.zdv.uni-mainz.de\\\/fb02-innenpolitik\\\/wp-content\\\/uploads\\\/sites\\\/734\\\/2025\\\/10\\\/cfa-model-scaled.jpg&quot;,\n                &quot;credit&quot;: &quot;&quot;\n            }\n        },\n        {\n            &quot;id&quot;: &quot;10702&quot;,\n            &quot;index&quot;: &quot;16.06.2025&quot;,\n            &quot;title&quot;: &quot;New Website&quot;,\n            &quot;excerpt&quot;: &quot;As part of the conversion of all websites at JGU, we are also presenting ourselves in a new design. However,&amp;hellip;&quot;,\n            &quot;link&quot;: {\n                &quot;url&quot;: &quot;https:\\\/\\\/innen.politik.uni-mainz.de\\\/en\\\/2025\\\/06\\\/16\\\/new-website\\\/&quot;,\n                &quot;title&quot;: &quot;mehr erfahren&quot;,\n                &quot;target&quot;: &quot;_self&quot;\n            },\n            &quot;linkIcon&quot;: &quot;arrow-right-solid&quot;,\n            &quot;media&quot;: {},\n            &quot;image&quot;: {\n                &quot;url&quot;: &quot;https:\\\/\\\/cms.zdv.uni-mainz.de\\\/fb02-innenpolitik\\\/wp-content\\\/uploads\\\/sites\\\/734\\\/2024\\\/03\\\/Bescheid-erhalten.svg&quot;,\n                &quot;credit&quot;: &quot;&quot;\n            }\n        },\n        {\n            &quot;id&quot;: &quot;9849&quot;,\n            &quot;index&quot;: &quot;16.06.2025&quot;,\n            &quot;title&quot;: &quot;Neuer Webauftritt&quot;,\n            &quot;excerpt&quot;: &quot;Innerhalb der Umstellung aller Webseiten an der JGU pr\\u00e4sentieren auch wir uns im neuen Design. Unser Informationsangebot bleibt jedoch inhaltlich&amp;hellip;&quot;,\n            &quot;link&quot;: {\n                &quot;url&quot;: &quot;https:\\\/\\\/innen.politik.uni-mainz.de\\\/2025\\\/06\\\/16\\\/neuer-webauftritt\\\/&quot;,\n                &quot;title&quot;: &quot;mehr erfahren&quot;,\n                &quot;target&quot;: &quot;_self&quot;\n            },\n            &quot;linkIcon&quot;: &quot;arrow-right-solid&quot;,\n            &quot;media&quot;: {},\n            &quot;image&quot;: {\n                &quot;url&quot;: &quot;https:\\\/\\\/cms.zdv.uni-mainz.de\\\/fb02-innenpolitik\\\/wp-content\\\/uploads\\\/sites\\\/734\\\/2024\\\/03\\\/Bescheid-erhalten.svg&quot;,\n                &quot;credit&quot;: &quot;\\u00a9 Rebekka Sch\\u00f6nefu\\u00df Grafikdesign\\\/Illustration&quot;\n            }\n        }\n    ],\n    &quot;listPosts&quot;: []\n}\"><\/jgu-base-postlisting>\n\n<jgu-base-button style=\"display: flex; flex-wrap: wrap; column-gap: 30px; max-width: 100%; flex-direction: row; justify-content: left\">\n  \n<jgu-base-buttonitem react-props=\"{\n    &quot;text&quot;: &quot;To the newsroom&quot;,\n    &quot;styling&quot;: &quot;default&quot;,\n    &quot;link&quot;: {\n        &quot;url&quot;: &quot;https:\\\/\\\/cms.zdv.uni-mainz.de\\\/fb02-innenpolitik\\\/newsroom-innenpolitik-politische-soziologie\\\/&quot;,\n        &quot;linkTarget&quot;: &quot;&quot;,\n        &quot;rel&quot;: &quot;&quot;\n    },\n    &quot;align&quot;: &quot;left&quot;,\n    &quot;icon&quot;: &quot;arrow-right-solid&quot;,\n    &quot;type&quot;: &quot;default&quot;,\n    &quot;iconBefore&quot;: false,\n    &quot;isSmall&quot;: false,\n    &quot;fullWidth&quot;: false,\n    &quot;className&quot;: &quot;&quot;\n}\"><\/jgu-base-buttonitem>\n\n<\/jgu-base-button><\/div><\/div>\n<\/jgu-base-section><jgu-base-section react-props=\"{&quot;color&quot;:&quot;white&quot;,&quot;align&quot;:&quot;wide&quot;,&quot;padding&quot;:&quot;medium&quot;}\">\n<div class=\"jgu-bgsection bg bg-white\"><div class=\"content padding-medium\"><div\n\tclass=\"jgu-anchorpoint\"\n\tid=\"team\"\n\tdata-label=\"Team\"\n\tdata-hide-in-nav=\"false\"\n\ttabindex=\"0\"\n\tdata-initial-scroll=\"true\"\n><\/div>\n\n\n<jgu-base-heading react-props=\"{\n    &quot;index&quot;: &quot;Team&quot;,\n    &quot;tags&quot;: {\n        &quot;htmlTag&quot;: &quot;h2&quot;,\n        &quot;classTag&quot;: &quot;&quot;,\n        &quot;tag&quot;: &quot;h2&quot;\n    },\n    &quot;heading&quot;: &quot;Members of the German Politics\\\/Political Sociology Unit&quot;,\n    &quot;className&quot;: &quot;&quot;,\n    &quot;textAlign&quot;: &quot;left&quot;,\n    &quot;anchor&quot;: &quot;&quot;,\n    &quot;color&quot;: &quot;red&quot;\n}\"><\/jgu-base-heading>\n\n\n\n<div class=\"wp-block-columns is-layout-flex wp-container-core-columns-is-layout-9d6595d7 wp-block-columns-is-layout-flex\">\n<div class=\"wp-block-column is-layout-flow wp-block-column-is-layout-flow\"><\/div>\n<\/div>\n\n\n<jgu-base-slider react-props=\"{&quot;slidesCount&quot;:3,&quot;perPage&quot;:3,&quot;type&quot;:&quot;&quot;,&quot;template&quot;:&quot;&quot;,&quot;useNumbers&quot;:false,&quot;scrollDistance&quot;:&quot;screen&quot;,&quot;responsiveSettings&quot;:{}}\">\n    \n\n<jgu-base-idm-person react-props=\"{\n    &quot;id&quot;: &quot;20&quot;,\n    &quot;organizationId&quot;: 613,\n    &quot;roleId&quot;: 13,\n    &quot;name&quot;: &quot;&quot;,\n    &quot;link&quot;: &quot;idm&quot;,\n    &quot;skipDetails&quot;: [],\n    &quot;align&quot;: &quot;left&quot;,\n    &quot;color&quot;: &quot;default&quot;,\n    &quot;mode&quot;: &quot;edit&quot;,\n    &quot;linkType&quot;: &quot;idm&quot;\n}\">\n        \n<\/jgu-base-idm-person>\n\n\n<jgu-base-button style=\"display: flex; flex-wrap: wrap; column-gap: 30px; max-width: 100%; flex-direction: row; justify-content: left\">\n  \n<jgu-base-buttonitem react-props=\"{\n    &quot;text&quot;: &quot;More information&quot;,\n    &quot;styling&quot;: &quot;default&quot;,\n    &quot;link&quot;: {\n        &quot;url&quot;: &quot;https:\\\/\\\/cms.zdv.uni-mainz.de\\\/fb02-innenpolitik\\\/univ-prof-dr-kai-arzheimer\\\/&quot;,\n        &quot;linkTarget&quot;: &quot;&quot;,\n        &quot;rel&quot;: &quot;&quot;\n    },\n    &quot;align&quot;: &quot;left&quot;,\n    &quot;icon&quot;: &quot;arrow-right-solid&quot;,\n    &quot;type&quot;: &quot;default&quot;,\n    &quot;iconBefore&quot;: false,\n    &quot;isSmall&quot;: false,\n    &quot;fullWidth&quot;: false,\n    &quot;className&quot;: &quot;&quot;\n}\"><\/jgu-base-buttonitem>\n\n<\/jgu-base-button>\n\n\n\n<jgu-base-idm-person react-props=\"{\n    &quot;id&quot;: &quot;269484&quot;,\n    &quot;organizationId&quot;: 611,\n    &quot;roleId&quot;: 11,\n    &quot;name&quot;: &quot;&quot;,\n    &quot;link&quot;: &quot;idm&quot;,\n    &quot;skipDetails&quot;: [],\n    &quot;align&quot;: &quot;left&quot;,\n    &quot;color&quot;: &quot;default&quot;,\n    &quot;mode&quot;: &quot;edit&quot;,\n    &quot;linkType&quot;: &quot;idm&quot;\n}\">\n        \n<\/jgu-base-idm-person>\n\n\n<jgu-base-button style=\"display: flex; flex-wrap: wrap; column-gap: 30px; max-width: 100%; flex-direction: row; justify-content: left\">\n  \n<jgu-base-buttonitem react-props=\"{\n    &quot;text&quot;: &quot;More information&quot;,\n    &quot;styling&quot;: &quot;default&quot;,\n    &quot;link&quot;: {\n        &quot;url&quot;: &quot;https:\\\/\\\/cms.zdv.uni-mainz.de\\\/fb02-innenpolitik\\\/dr-alexandru-filip\\\/&quot;,\n        &quot;linkTarget&quot;: &quot;&quot;,\n        &quot;rel&quot;: &quot;&quot;\n    },\n    &quot;align&quot;: &quot;left&quot;,\n    &quot;icon&quot;: &quot;arrow-right-solid&quot;,\n    &quot;type&quot;: &quot;default&quot;,\n    &quot;iconBefore&quot;: false,\n    &quot;isSmall&quot;: false,\n    &quot;fullWidth&quot;: false,\n    &quot;className&quot;: &quot;&quot;\n}\"><\/jgu-base-buttonitem>\n\n<\/jgu-base-button>\n\n\n\n<jgu-base-idm-person react-props=\"{\n    &quot;id&quot;: &quot;3294&quot;,\n    &quot;organizationId&quot;: 611,\n    &quot;roleId&quot;: 11,\n    &quot;name&quot;: &quot;&quot;,\n    &quot;link&quot;: &quot;idm&quot;,\n    &quot;skipDetails&quot;: [],\n    &quot;align&quot;: &quot;left&quot;,\n    &quot;color&quot;: &quot;default&quot;,\n    &quot;mode&quot;: &quot;edit&quot;,\n    &quot;linkType&quot;: &quot;idm&quot;\n}\">\n        \n<\/jgu-base-idm-person>\n\n\n<jgu-base-button style=\"display: flex; flex-wrap: wrap; column-gap: 30px; max-width: 100%; flex-direction: row; justify-content: left\">\n  \n<jgu-base-buttonitem react-props=\"{\n    &quot;text&quot;: &quot;More information&quot;,\n    &quot;styling&quot;: &quot;default&quot;,\n    &quot;link&quot;: {\n        &quot;url&quot;: &quot;https:\\\/\\\/cms.zdv.uni-mainz.de\\\/fb02-innenpolitik\\\/dr-jasmin-fitzpatrick\\\/&quot;\n    },\n    &quot;align&quot;: &quot;left&quot;,\n    &quot;icon&quot;: &quot;arrow-right-solid&quot;,\n    &quot;type&quot;: &quot;default&quot;,\n    &quot;iconBefore&quot;: false,\n    &quot;isSmall&quot;: false,\n    &quot;fullWidth&quot;: false,\n    &quot;className&quot;: &quot;&quot;\n}\"><\/jgu-base-buttonitem>\n\n<\/jgu-base-button>\n\n\n<\/jgu-base-slider>\n\n\n<jgu-base-slider react-props=\"{&quot;slidesCount&quot;:3,&quot;perPage&quot;:3,&quot;type&quot;:&quot;&quot;,&quot;template&quot;:&quot;&quot;,&quot;useNumbers&quot;:false,&quot;scrollDistance&quot;:&quot;screen&quot;,&quot;responsiveSettings&quot;:{}}\">\n    \n\n<jgu-base-idm-person react-props=\"{\n    &quot;id&quot;: &quot;306045&quot;,\n    &quot;organizationId&quot;: 613,\n    &quot;roleId&quot;: 16,\n    &quot;name&quot;: &quot;&quot;,\n    &quot;link&quot;: &quot;idm&quot;,\n    &quot;skipDetails&quot;: [],\n    &quot;align&quot;: &quot;left&quot;,\n    &quot;color&quot;: &quot;default&quot;,\n    &quot;mode&quot;: &quot;edit&quot;,\n    &quot;linkType&quot;: &quot;idm&quot;\n}\">\n        \n<\/jgu-base-idm-person>\n\n\n<jgu-base-button style=\"display: flex; flex-wrap: wrap; column-gap: 30px; max-width: 100%; flex-direction: row; justify-content: left\">\n  \n<jgu-base-buttonitem react-props=\"{\n    &quot;text&quot;: &quot;More information&quot;,\n    &quot;styling&quot;: &quot;default&quot;,\n    &quot;link&quot;: {\n        &quot;url&quot;: &quot;https:\\\/\\\/cms.zdv.uni-mainz.de\\\/fb02-innenpolitik\\\/anna-lopatina-m-a\\\/&quot;,\n        &quot;linkTarget&quot;: &quot;&quot;,\n        &quot;rel&quot;: &quot;&quot;\n    },\n    &quot;align&quot;: &quot;left&quot;,\n    &quot;icon&quot;: &quot;arrow-right-solid&quot;,\n    &quot;type&quot;: &quot;default&quot;,\n    &quot;iconBefore&quot;: false,\n    &quot;isSmall&quot;: false,\n    &quot;fullWidth&quot;: false,\n    &quot;className&quot;: &quot;&quot;\n}\"><\/jgu-base-buttonitem>\n\n<\/jgu-base-button>\n\n\n\n<jgu-base-idm-person react-props=\"{\n    &quot;id&quot;: &quot;2458&quot;,\n    &quot;organizationId&quot;: 613,\n    &quot;roleId&quot;: 111,\n    &quot;name&quot;: &quot;&quot;,\n    &quot;link&quot;: &quot;idm&quot;,\n    &quot;skipDetails&quot;: [],\n    &quot;align&quot;: &quot;left&quot;,\n    &quot;color&quot;: &quot;default&quot;,\n    &quot;mode&quot;: &quot;edit&quot;,\n    &quot;linkType&quot;: &quot;idm&quot;\n}\">\n        \n<\/jgu-base-idm-person>\n\n\n<jgu-base-button style=\"display: flex; flex-wrap: wrap; column-gap: 30px; max-width: 100%; flex-direction: row; justify-content: left\">\n  \n<jgu-base-buttonitem react-props=\"{\n    &quot;text&quot;: &quot;More information&quot;,\n    &quot;styling&quot;: &quot;default&quot;,\n    &quot;link&quot;: {\n        &quot;url&quot;: &quot;https:\\\/\\\/cms.zdv.uni-mainz.de\\\/fb02-innenpolitik\\\/dagmar-mccaslin\\\/&quot;,\n        &quot;linkTarget&quot;: &quot;&quot;,\n        &quot;rel&quot;: &quot;&quot;\n    },\n    &quot;align&quot;: &quot;left&quot;,\n    &quot;icon&quot;: &quot;arrow-right-solid&quot;,\n    &quot;type&quot;: &quot;default&quot;,\n    &quot;iconBefore&quot;: false,\n    &quot;isSmall&quot;: false,\n    &quot;fullWidth&quot;: false,\n    &quot;className&quot;: &quot;&quot;\n}\"><\/jgu-base-buttonitem>\n\n<\/jgu-base-button>\n\n\n\n<jgu-base-idm-person react-props=\"{\n    &quot;id&quot;: &quot;258960&quot;,\n    &quot;organizationId&quot;: 613,\n    &quot;roleId&quot;: 16,\n    &quot;name&quot;: &quot;&quot;,\n    &quot;link&quot;: &quot;idm&quot;,\n    &quot;skipDetails&quot;: [],\n    &quot;align&quot;: &quot;left&quot;,\n    &quot;color&quot;: &quot;default&quot;,\n    &quot;mode&quot;: &quot;edit&quot;,\n    &quot;linkType&quot;: &quot;idm&quot;\n}\">\n        \n<\/jgu-base-idm-person>\n\n\n<jgu-base-button style=\"display: flex; flex-wrap: wrap; column-gap: 30px; max-width: 100%; flex-direction: row; justify-content: left\">\n  \n<jgu-base-buttonitem react-props=\"{\n    &quot;text&quot;: &quot;More information&quot;,\n    &quot;styling&quot;: &quot;default&quot;,\n    &quot;link&quot;: {\n        &quot;url&quot;: &quot;https:\\\/\\\/cms.zdv.uni-mainz.de\\\/fb02-innenpolitik\\\/dr-paula-windecker\\\/&quot;,\n        &quot;linkTarget&quot;: &quot;&quot;,\n        &quot;rel&quot;: &quot;&quot;\n    },\n    &quot;align&quot;: &quot;left&quot;,\n    &quot;icon&quot;: &quot;arrow-right-solid&quot;,\n    &quot;type&quot;: &quot;default&quot;,\n    &quot;iconBefore&quot;: false,\n    &quot;isSmall&quot;: false,\n    &quot;fullWidth&quot;: false,\n    &quot;className&quot;: &quot;&quot;\n}\"><\/jgu-base-buttonitem>\n\n<\/jgu-base-button>\n\n\n<\/jgu-base-slider>\n\n\n<jgu-base-button style=\"display: flex; flex-wrap: wrap; column-gap: 30px; max-width: 100%; flex-direction: row; justify-content: left\">\n  \n<jgu-base-buttonitem react-props=\"{\n    &quot;text&quot;: &quot;Other employees&quot;,\n    &quot;link&quot;: {\n        &quot;url&quot;: &quot;https:\\\/\\\/cms.zdv.uni-mainz.de\\\/fb02-innenpolitik\\\/weitere-beschaeftigte-innenpolitik-politische-soziologie\\\/&quot;,\n        &quot;linkTarget&quot;: &quot;&quot;,\n        &quot;rel&quot;: &quot;&quot;\n    },\n    &quot;align&quot;: &quot;left&quot;,\n    &quot;styling&quot;: &quot;primary&quot;,\n    &quot;icon&quot;: &quot;arrow-right-solid&quot;,\n    &quot;type&quot;: &quot;default&quot;,\n    &quot;iconBefore&quot;: false,\n    &quot;isSmall&quot;: false,\n    &quot;fullWidth&quot;: false,\n    &quot;className&quot;: &quot;&quot;\n}\"><\/jgu-base-buttonitem>\n\n<\/jgu-base-button><\/div><\/div>\n<\/jgu-base-section><jgu-base-section react-props=\"{&quot;color&quot;:&quot;light&quot;,&quot;align&quot;:&quot;wide&quot;,&quot;padding&quot;:&quot;medium&quot;}\">\n<div class=\"jgu-bgsection bg bg-light\"><div class=\"content padding-medium\"><div\n\tclass=\"jgu-anchorpoint\"\n\tid=\"research\"\n\tdata-label=\"Research\"\n\tdata-hide-in-nav=\"false\"\n\ttabindex=\"0\"\n\tdata-initial-scroll=\"true\"\n><\/div>\n\n\n<jgu-base-heading react-props=\"{\n    &quot;index&quot;: &quot;Research&quot;,\n    &quot;tags&quot;: {\n        &quot;htmlTag&quot;: &quot;h2&quot;,\n        &quot;classTag&quot;: &quot;&quot;,\n        &quot;tag&quot;: &quot;h2&quot;\n    },\n    &quot;heading&quot;: &quot;Ongoing Research Projects&quot;,\n    &quot;className&quot;: &quot;&quot;,\n    &quot;textAlign&quot;: &quot;left&quot;,\n    &quot;anchor&quot;: &quot;&quot;,\n    &quot;color&quot;: &quot;red&quot;\n}\"><\/jgu-base-heading>\n\n\n<jgu-base-accordion react-props=\"{&quot;selected&quot;:6,&quot;align&quot;:&quot;wide&quot;,&quot;hasAllOpenButton&quot;:true,&quot;onlyOne&quot;:false,&quot;initAllClosed&quot;:true,&quot;enableSearch&quot;:false}\">\n    \n<jgu-base-accordionitem react-props=\"{&quot;title&quot;:&quot;INSIDER - INner SIty and DEmocratic Resilience&quot;,&quot;init&quot;:false,&quot;slug&quot;:&quot;insider-innere-sicherheit-und-demokratische-resilienz&quot;,&quot;align&quot;:&quot;wide&quot;,&quot;customSlug&quot;:false}\">\n    \n\n<p><em>Funding<\/em>: <br\/><em>Head<\/em>: Univ.-Prof. Dr. Kai Arzheimer<br\/><em>Employees<\/em>: Ren\u00e9 Selbach<\/p>\n\n\n\n<p>In the project &#8220;INSIDER &#8211; INner Security and DEmocratic Resilience. Conditions and interactions of police action in a pluralistic society&#8221;, research teams from the universities of Trier and Mainz from the fields of political science, sociology and psychology are investigating the relationship between the police and society in Rhineland-Palatinate.<\/p>\n\n\n\n<p>Specifically, the political science sub-project is concerned with the question of the extent to which political attitudes and value orientations of police officers differ from those of the general population and the extent to which work-related and other factors can influence these attitudes. To this end, two standardized, computer-assisted surveys of all members of the police force in Rhineland-Palatinate are planned. In addition to police officers, civil servants and salaried employees in the administration of the police headquarters will also be surveyed.  <\/p>\n\n\n\n<p>The aim of the entire project is to provide concrete recommendations on how to prevent prejudices among police officers and social groups. To this end, the research findings are to be used in the training of police officers. The research center of the Rhineland-Palatinate Police University is supporting the three-year study. The study is funded by the Rhineland-Palatinate Ministry of the Interior and Sport.   <\/p>\n\n\n<\/jgu-base-accordionitem>\n\n<jgu-base-accordionitem react-props=\"{&quot;title&quot;:&quot;EU-People2024&quot;,&quot;init&quot;:false,&quot;slug&quot;:&quot;eu-people2024&quot;,&quot;align&quot;:&quot;wide&quot;,&quot;customSlug&quot;:false}\">\n    \n\n<p><em>Head<\/em> in Mainz: Dr. Jasmin Fitzpatrick<\/p>\n\n\n\n<p>Against the backdrop of various crises (democratic, security, immigration, and climate change) marked by a continuing high level of mistrust of politics and the traditional media, are digital tools &#8211; particularly social networks &#8211; gaining in importance and influence during elections? Against the backdrop of a fast-changing online campaigning environment, increased mis\/dis-information and AI generated content, this project explores the influence of digital and legacy media on the attitudes and electoral behavior of the citizenry in the 2024 European Parliamentary Elections across eight European countries. <\/p>\n\n\n\n<p>To do so, the project conducts an online post-election survey examining the persistent role and importance of traditional drivers of electoral participation and choice (age, socio-professional category, gender, level of education, wealth, relationship to religion). It also looks at the influence of the (digital and legacy) media and digital campaign on the political efficacy and voting behavior of citizens. In order to answer these questions, an online survey was carried out among a representative sample of the population in seven European countries in the weeks following the election (10\/06\/2024 onwards). This post-election national survey will be used for both scientific publications and popular dissemination, particularly in the media. Once the main outputs have been published, the research data will then be made available to the scientific community via a data warehouse that complies with FAIR principles, as part of an open science approach.    <\/p>\n\n\n<jgu-base-button style=\"display: flex; flex-wrap: wrap; column-gap: 30px; max-width: 100%; flex-direction: row; justify-content: left\">\n  \n<jgu-base-buttonitem react-props=\"{\n    &quot;text&quot;: &quot;Project website&quot;,\n    &quot;link&quot;: {\n        &quot;url&quot;: &quot;https:\\\/\\\/cms.zdv.uni-mainz.de\\\/fb02-innenpolitik\\\/eu-people2024\\\/&quot;,\n        &quot;linkTarget&quot;: &quot;&quot;,\n        &quot;rel&quot;: &quot;&quot;\n    },\n    &quot;align&quot;: &quot;left&quot;,\n    &quot;styling&quot;: &quot;primary&quot;,\n    &quot;icon&quot;: &quot;arrow-right-solid&quot;,\n    &quot;type&quot;: &quot;default&quot;,\n    &quot;iconBefore&quot;: false,\n    &quot;isSmall&quot;: false,\n    &quot;fullWidth&quot;: false,\n    &quot;className&quot;: &quot;&quot;\n}\"><\/jgu-base-buttonitem>\n\n<\/jgu-base-button>\n\n<\/jgu-base-accordionitem>\n\n<jgu-base-accordionitem react-props=\"{&quot;title&quot;:&quot;Globalization and Euroscepticism&quot;,&quot;init&quot;:false,&quot;slug&quot;:&quot;globalisierung-und-euroskepsis&quot;,&quot;align&quot;:&quot;wide&quot;,&quot;customSlug&quot;:false}\">\n    \n\n<p><em>Head<\/em>: Dr. Alexandru Filip<\/p>\n\n\n\n<p><br\/>Dr. Alexandru Filip has in the past worked on the topic of Euroscepticism as well as researching the so-called globalization trilemma: the degree to which countries can balance and pursue all three aspects &#8211; national sovereignty, liberal democracy and globalization.<\/p>\n\n\n\n<p>In his previous work, Dr. Filip has explored trends in so-called &#8220;Euroseptic contagion&#8221;, describing the way in which the success of Eurosceptic parties can influence mainstream party behavior. Further work in this area of research has also examined the way in which inclusive and exclusive identity characteristics explain individuals&#8217; propensity to support radical political parties. During his time at the Hertie School of Governance, Dr. Filip worked to describe the extent to which countries manage to navigate the often contradictory pursuit of national sovereignty, the protection of social cohesion, the preservation of liberal democracy, and the commitment to economic globalization. His work mapped the social, political and economic pressures countries face according to the aforementioned &#8220;globalization paradox&#8221; and their consequences.   <\/p>\n\n\n<\/jgu-base-accordionitem>\n\n<jgu-base-accordionitem react-props=\"{&quot;title&quot;:&quot;Disloyal electorates, party changes and the emergence of new parties&quot;,&quot;init&quot;:false,&quot;slug&quot;:&quot;untreue-wahlerschaften-parteiwechsel-und-das-aufkommen-neuer-parteien&quot;,&quot;align&quot;:&quot;wide&quot;,&quot;customSlug&quot;:false}\">\n    \n\n<p>In the coming year, Mr. Filip will be working on a series of articles exploring the dynamics of party\/vote switching as well as examining (and comparing) the constituencies associated with these trends in more detail.<\/p>\n\n\n\n<p>The moderate mainstream parties are experiencing a decline in voter support as more and more of their electorate is turning away from politics, be it because of globalization, immigration, rising inequality, the environment, general apathy and disenchantment with parties. However, significant parts of this electorate are not leaving the political stage, but are instead giving their vote to political actors outside the established mainstream, such as the far right, green parties or new social liberal parties. <\/p>\n\n\n\n<p>However, these voters and voter groups are diverse and vary in their motivations, as do the (target) parties they vote for&#8221;. This research agenda will examine which of these different groups of voters defect to which other parties (and explore the issues that cause such shifts), and examine the socio-demographic, economic, cultural and ideational characteristics of these party-switching dynamics. <\/p>\n\n\n<\/jgu-base-accordionitem>\n\n<jgu-base-accordionitem react-props=\"{&quot;title&quot;:&quot;RELINK\\u00b2 - Regaining linkage? Digital technologies improving civic engagement, political organizations and democracy &quot;,&quot;init&quot;:false,&quot;slug&quot;:&quot;relink\\u00b2-regaining-linkage-digital-technologies-improving-civic-engagement-political-organisations-and-democracy&quot;,&quot;align&quot;:&quot;wide&quot;,&quot;customSlug&quot;:false}\">\n    \n\n<p><em>Funding institution:<\/em> COST Association \/EU<\/p>\n\n\n\n<p><em>Head in Mainz: <\/em>Dr. Jasmin Fitzpatrick (Vice Chair of the COST Action)<\/p>\n\n\n\n<p>The RELINK2 Action will intensify existing networking efforts of scholars from different disciplinary backgrounds and countries in the EU and beyond, to address two problems:<\/p>\n\n\n\n<p>(1) How can democracies regain legitimacy and rebuild the link between representative institutions and citizens using the benefits of digital technologies?<\/p>\n\n\n\n<p>(2) How can political organizations connect with digitally marginalised but politically active groups (the elderly) and with digitally active but politically marginalized ones (young citizens)?<\/p>\n\n\n\n<p>In this regard, RELINK2 aims to find answers to three research gaps: a) the main organisational consequences of the digital transformation and their impact on re-linkage strategies, b) effectiveness of digital transformations in re-connecting intermediary structures with society, c) implementation of political organizations&#8217; re-linking strategies to marginalized groups based on responsible use of digital tools. This requires an interdisciplinary and coordinated analytical framework.    <\/p>\n\n\n\n<p>The network will tackle challenges through research coordination objectives. Four Working Groups will be formed to bring in expertise on: 1) theoretical and 2) methodological challenges, 3) empirical analysis, 4) engagement and dissemination.     <\/p>\n\n\n\n<p>RELINK2 will provide new opportunities to strengthen the career development of specific target groups and disseminate knowledge to countries and political organizations with less capacity in the field of the Action.<\/p>\n\n\n\n<p>The practical implication of the Action is to create impact beyond the network. RELINK2 will develop a strong cooperation with stakeholders to integrate a non-academic point of view, identify good practices, and prepare recommendations. The Action aims to meet its objectives through a knowledge production and exchange with relevant stakeholders.  <\/p>\n\n\n<jgu-base-button style=\"display: flex; flex-wrap: wrap; column-gap: 30px; max-width: 100%; flex-direction: row; justify-content: left\">\n  \n<jgu-base-buttonitem react-props=\"{\n    &quot;text&quot;: &quot;Project website&quot;,\n    &quot;link&quot;: {\n        &quot;url&quot;: &quot;https:\\\/\\\/www.cost.eu\\\/actions\\\/CA23114\\\/&quot;,\n        &quot;linkTarget&quot;: &quot;&quot;,\n        &quot;rel&quot;: &quot;&quot;\n    },\n    &quot;align&quot;: &quot;left&quot;,\n    &quot;styling&quot;: &quot;primary&quot;,\n    &quot;icon&quot;: &quot;arrow-right-solid&quot;,\n    &quot;type&quot;: &quot;default&quot;,\n    &quot;iconBefore&quot;: false,\n    &quot;isSmall&quot;: false,\n    &quot;fullWidth&quot;: false,\n    &quot;className&quot;: &quot;&quot;\n}\"><\/jgu-base-buttonitem>\n\n<\/jgu-base-button>\n\n<\/jgu-base-accordionitem>\n\n<jgu-base-accordionitem react-props=\"{&quot;title&quot;:&quot;Determinants of negative party identification towards radical right-wing populist parties  &quot;,&quot;init&quot;:false,&quot;slug&quot;:&quot;determinanten-der-negativen-parteiidentifikation-gegenuber-radikal-rechtspopulistischen-parteien&quot;,&quot;align&quot;:&quot;wide&quot;,&quot;customSlug&quot;:false}\">\n    \n\n<p>Head: Ren\u00e9 Selbach, M.A.  <\/p>\n\n\n\n<p>While party identification is considered one of the strongest determinants to explain voting decisions in general, it has long been underestimated, if not ignored, when it comes to researching voting behavior in favor of radical right-wing populist parties. More recent studies emphasize the importance of party identification by arguing that a lack of identification with established parties or even negative attitudes towards these parties are necessary preconditions for voting for populist parties. In Western Europe, however, it is the radical right-wing populist party family that experiences the greatest rejection among the population. In contrast to the group of voters of radical right-wing populist parties, the large group of those who have negative attitudes towards a radical right-wing populist party is likely to be very heterogeneous. Although voter heterogeneity is well known in the literature, it is rarely adequately modeled. The aim of the dissertation project is therefore to combine the state of research on negative party identification and voter heterogeneity in the context of research on voting behavior and radical right-wing populist parties in order to answer the following questions: What factors lead to negative party identification towards right-wing populist parties, to what extent does the strength of the factors vary between different subgroups of the electorate, and what are the consequences of negative party identification towards radical right-wing populist parties for voting behavior in general? To answer these questions, representative survey data will be analyzed using advanced analytical techniques such as multiple group comparisons and structural equation modeling.      <\/p>\n\n\n<\/jgu-base-accordionitem>\n\n<jgu-base-accordionitem react-props=\"{&quot;title&quot;:&quot;Recently completed projects&quot;,&quot;init&quot;:false,&quot;slug&quot;:&quot;kurzlich-abgeschlossene-projekte&quot;,&quot;align&quot;:&quot;wide&quot;,&quot;customSlug&quot;:false}\">\n    \n\n<p><strong>Electoral Integrity in Germany: A Reassessment of the Quality of Democratic Elections from the Citizens&#8217; Perspective<\/strong><\/p>\n\n\n\n<p>Head: Dr. Paula Windecker (doctoral project)<\/p>\n\n\n\n<p>The scientific concept used to determine the quality of elections is called <em>electoral integrity<\/em>. Existing research relies primarily on expert surveys and focuses on defective democracies and semi-democratic systems to measure electoral integrity and assess its determinants and consequences. Instruments that measure electoral integrity from the perspective of the population are less sophisticated and often have considerable weaknesses. Furthermore, there is no consensus on the definition of electoral integrity, which further calls into question the validity of existing measurement instruments. It therefore remains unclear how citizens perceive electoral integrity, especially in established democracies where experts usually rate electoral integrity very highly.    <\/p>\n\n\n\n<p>Campaigns by populist initiatives and parties, as well as technical and human failures related to the conduct of elections, together with developments that can be observed in Germany and other established Western democracies, such as strong vote losses for established parties, social polarization, disenchantment with politics and the use of new, alternative forms of participation, could be reflected in more differentiated and possibly more ambivalent assessments of electoral integrity by the population than expert judgements suggest. This makes Germany, as a prime example of a high degree of electoral integrity in expert representations, an exciting case for my project. How does the German population perceive electoral integrity? The aim of my dissertation project is to make these assessments visible in all their differentiation with the help of a new measuring instrument. The starting point is a critical evaluation of the concept and the prevailing definition of electoral integrity before a new measurement instrument is developed, empirically tested and applied. Both classic survey research methods and survey experiments are used in the process     <\/p>\n\n\n\n<p><\/p>\n\n\n\n<p><strong>Political parties in the context of technological change<\/strong><\/p>\n\n\n\n<p>Dr. Jasmin Fitzpatrick (habilitation project)<\/p>\n\n\n\n<p>Technological achievements change human coexistence. In the political science debate, the focus can be on how technologies change processes such as elections or voting. However, technologies can also be the subject of political science issues. Technologies polarize not only within societies when it comes to ethical standards regarding their use. There is also a constant need for discussion and research with regard to their universal availability, as this is directly linked to questions of inequality and justice (e.g. O&#8217;Neil 2017, Eubanks 2018).    <\/p>\n\n\n\n<p>Since the 1960s, a social science research field has been dealing with the diffusion of innovations (Rogers 2003), covering various areas of technological developments (e.g. also the diffusion of fertilizers in agriculture). The present research programme takes a meso perspective by focusing on adaptation processes of political organizations. Technological change is considered in two facets: (1) digitalization processes of political parties and (2) reactions of political actors to technological change. These facets focus on different areas of political science and address questions within these that form the basis of the submitted papers.   <\/p>\n\n\n<\/jgu-base-accordionitem>\n\n<\/jgu-base-accordion>\n<\/div><\/div>\n<\/jgu-base-section><jgu-base-section react-props=\"{&quot;color&quot;:&quot;white&quot;,&quot;align&quot;:&quot;wide&quot;,&quot;padding&quot;:&quot;medium&quot;}\">\n<div class=\"jgu-bgsection bg bg-white\"><div class=\"content padding-medium\"><div\n\tclass=\"jgu-anchorpoint\"\n\tid=\"teaching\"\n\tdata-label=\"Teaching\"\n\tdata-hide-in-nav=\"false\"\n\ttabindex=\"0\"\n\tdata-initial-scroll=\"true\"\n><\/div>\n\n\n<jgu-base-heading react-props=\"{\n    &quot;index&quot;: &quot;Teaching&quot;,\n    &quot;tags&quot;: {\n        &quot;htmlTag&quot;: &quot;h2&quot;,\n        &quot;classTag&quot;: &quot;&quot;,\n        &quot;tag&quot;: &quot;h2&quot;\n    },\n    &quot;heading&quot;: &quot;Courses&quot;,\n    &quot;className&quot;: &quot;alignwide&quot;,\n    &quot;textAlign&quot;: &quot;left&quot;,\n    &quot;anchor&quot;: &quot;&quot;,\n    &quot;color&quot;: &quot;red&quot;\n}\"><\/jgu-base-heading>\n\n\n\n<div class=\"wp-block-columns is-layout-flex wp-container-core-columns-is-layout-9d6595d7 wp-block-columns-is-layout-flex\">\n<div class=\"wp-block-column is-layout-flow wp-block-column-is-layout-flow\"><jgu-base-alertbox react-props=\"{\n    &quot;headline&quot;: &quot;The Research Unit of German Politics\\\/Political Sociology offers courses as part of the following degree programs:&quot;,\n    &quot;children&quot;: &quot;Political Science (Bachelor of Arts)&lt;br&gt;Social Studies (Bachelor\\\/Master of Education)&lt;br&gt;Politics and Democracy Research (Master of Arts)&lt;br&gt;Political Economy and International Relations (Master of Arts)&lt;br&gt;European Studies (Master of Arts)&lt;br&gt;&lt;br&gt;You can find information about the respective degree programs under the degree program information:&quot;,\n    &quot;headlineColor&quot;: &quot;dark&quot;,\n    &quot;subline&quot;: &quot;&quot;,\n    &quot;icon&quot;: &quot;&quot;,\n    &quot;iconOverHeadline&quot;: false,\n    &quot;isPreview&quot;: false\n}\">\n    \n<\/jgu-base-alertbox>\n\n<jgu-base-button style=\"display: flex; flex-wrap: wrap; column-gap: 30px; max-width: 100%; flex-direction: row; justify-content: left\">\n  \n<jgu-base-buttonitem react-props=\"{\n    &quot;text&quot;: &quot;Study Programs&quot;,\n    &quot;styling&quot;: &quot;default&quot;,\n    &quot;align&quot;: &quot;left&quot;,\n    &quot;icon&quot;: &quot;arrow-right-solid&quot;,\n    &quot;type&quot;: &quot;default&quot;,\n    &quot;link&quot;: {\n        &quot;url&quot;: &quot;&quot;,\n        &quot;linkTarget&quot;: &quot;&quot;,\n        &quot;rel&quot;: &quot;&quot;\n    },\n    &quot;iconBefore&quot;: false,\n    &quot;isSmall&quot;: false,\n    &quot;fullWidth&quot;: false,\n    &quot;className&quot;: &quot;&quot;\n}\"><\/jgu-base-buttonitem>\n\n<\/jgu-base-button><\/div>\n\n\n\n<div class=\"wp-block-column is-layout-flow wp-block-column-is-layout-flow\"><jgu-base-alertbox react-props=\"{\n    &quot;headline&quot;: &quot;Information on Bachelor Theses&quot;,\n    &quot;children&quot;: &quot;Prof. Dr. Kai Arzheimer, Dr. Jasmin Fitzpatrick, Dr. Alexandru Filip and Dr. Paula Windecker are authorized to supervise Bachelor&#039;s theses in the field of domestic policy\\\/political sociology. It is not necessary to have completed a seminar with your chosen supervisor. &lt;br&gt;However, your topic should be within the research focus of the research unit (see above).&lt;br&gt;If you would like to write a Bachelor&#039;s thesis in the field of German Politics\\\/Political Sociology, it is necessary that you register for a consultation appointment and send your desired supervisor a short synopsis of your intended project by e-mail at least two days before the consultation.&lt;br&gt;Your synopsis should be about one page in length and should include as specific a research question as possible and indicate its scientific relevance, the planned theoretical framework and briefly describe how you intend to proceed (first rough outline of the thesis), if applicable: include your data basis and initial working hypotheses.&lt;br&gt;Plan well in advance: you have eight weeks to complete your B.A. thesis, the correction of the thesis takes about 4-6 weeks, followed by the oral examination for the Bachelor&#039;s thesis.&lt;br&gt;Please ask your supervisor for information on the exact structure of the oral examination. For general preparation for the oral examination, we recommend the following reading: &quot;,\n    &quot;iconColor&quot;: &quot;red&quot;,\n    &quot;iconOverHeadline&quot;: true,\n    &quot;headlineColor&quot;: &quot;dark&quot;,\n    &quot;subline&quot;: &quot;&quot;,\n    &quot;icon&quot;: &quot;&quot;,\n    &quot;isPreview&quot;: false\n}\">\n    \n<\/jgu-base-alertbox>\n\n<jgu-base-button style=\"display: flex; flex-wrap: wrap; column-gap: 30px; max-width: 100%; flex-direction: row; justify-content: left\">\n  \n<jgu-base-buttonitem react-props=\"{\n    &quot;text&quot;: &quot;Bensberg (2024)&quot;,\n    &quot;styling&quot;: &quot;default&quot;,\n    &quot;link&quot;: {\n        &quot;url&quot;: &quot;https:\\\/\\\/link.springer.com\\\/chapter\\\/10.1007\\\/978-3-662-43419-2_7&quot;,\n        &quot;linkTarget&quot;: &quot;&quot;,\n        &quot;rel&quot;: &quot;&quot;\n    },\n    &quot;align&quot;: &quot;left&quot;,\n    &quot;icon&quot;: &quot;arrow-right-solid&quot;,\n    &quot;type&quot;: &quot;default&quot;,\n    &quot;iconBefore&quot;: false,\n    &quot;isSmall&quot;: false,\n    &quot;fullWidth&quot;: false,\n    &quot;className&quot;: &quot;&quot;\n}\"><\/jgu-base-buttonitem>\n\n<jgu-base-buttonitem react-props=\"{\n    &quot;text&quot;: &quot;Handouts for term papers and final theses&quot;,\n    &quot;icon&quot;: &quot;download-solid&quot;,\n    &quot;link&quot;: {\n        &quot;url&quot;: &quot;https:\\\/\\\/cms.zdv.uni-mainz.de\\\/fb02-innenpolitik\\\/wp-content\\\/uploads\\\/sites\\\/734\\\/2025\\\/07\\\/Hausarbeit_Handreichung_Politikwissenschaft_JGU.pdf&quot;,\n        &quot;linkTarget&quot;: &quot;&quot;,\n        &quot;rel&quot;: &quot;&quot;\n    },\n    &quot;align&quot;: &quot;left&quot;,\n    &quot;styling&quot;: &quot;primary&quot;,\n    &quot;type&quot;: &quot;default&quot;,\n    &quot;iconBefore&quot;: false,\n    &quot;isSmall&quot;: false,\n    &quot;fullWidth&quot;: false,\n    &quot;className&quot;: &quot;&quot;\n}\"><\/jgu-base-buttonitem>\n\n<\/jgu-base-button><\/div>\n<\/div>\n\n\n\n<div style=\"height:90px\" aria-hidden=\"true\" class=\"wp-block-spacer\"><\/div>\n\n\n\n<p class=\"has-big-font-size\">The Empirical Political Research unit offers the following courses in the current semester.<\/p>\n\n\n\n<p class=\"has-big-font-size\"><\/p>\n\n\n\t<ol class=\"wp-block-list has-big-font-size\">\n\t\t\t\t\t<li>\n\t\t\t<a href=\"?event_id=394143932950842&amp;skip_groups=false\">\n\t\t\t\tBasissem Das politische System der BRD<\/a><br>\n\t\t\t\tInstructor: Anna Lopatina; Bela Felix Materna\t\t\t\t\t\t<\/li>\n\t\t\t\t\t<li>\n\t\t\t<a href=\"?event_id=394143934755147&amp;skip_groups=false\">\n\t\t\t\tEinf. BA Politikwissenschaft\/BEd Sozialkunde: Einf\u00fchrungsveranstaltung f\u00fcr Erstsemester und Hochschulortwechsler<\/a><br>\n\t\t\t\tInstructor: Univ.-Prof. Dr. Helen Callaghan; Dr. habil. Jasmin Fitzpatrick; Dr. Cornelia Frings; May Jehle; Victoria Kr\u00fcger; Dr. Christoph Wagner\t\t\t\t\t\t<\/li>\n\t\t\t\t\t<li>\n\t\t\t<a href=\"?event_id=394143936377481&amp;skip_groups=false\">\n\t\t\t\tKG (MA) zum Projektseminar: Einfl\u00fcsse von Institutionen und anderen Kontextfaktoren auf politische Einstellungen und politisches Verhalten<\/a><br>\n\t\t\t\tInstructor: Univ.-Prof. Dr. Kai Arzheimer\t\t\t\t\t\t<\/li>\n\t\t\t\t\t<li>\n\t\t\t<a href=\"?event_id=394143932628796&amp;skip_groups=false\">\n\t\t\t\tKG Wissenschaftliches Arbeiten<\/a><br>\n\t\t\t\tInstructor: Anna Lopatina; Barbara M\u00fcller\t\t\t\t\t\t<\/li>\n\t\t\t\t\t<li>\n\t\t\t<a href=\"?event_id=394143936926569&amp;skip_groups=false\">\n\t\t\t\tKoll Examenskolloquium Bereich BRD<\/a><br>\n\t\t\t\tInstructor: Univ.-Prof. Dr. Kai Arzheimer\t\t\t\t\t\t<\/li>\n\t\t\t\t\t<li>\n\t\t\t<a href=\"?event_id=394143936619536&amp;skip_groups=false\">\n\t\t\t\tPraktikum Bachelor- und Masterstudieng\u00e4nge<\/a><br>\n\t\t\t\tInstructor: Dr. Alexandru Filip; Dr. Annette Schmitt; Dr. Nils Steiner\t\t\t\t\t\t<\/li>\n\t\t\t\t\t<li>\n\t\t\t<a href=\"?event_id=394143936123438&amp;skip_groups=false\">\n\t\t\t\tSem (BA\/MEd) Politische Kultur, Zivilgesellschaft und Partizipation in der Bundesrepublik<\/a><br>\n\t\t\t\tInstructor: Dr. Alexandru Filip\t\t\t\t\t\t<\/li>\n\t\t\t\t\t<li>\n\t\t\t<a href=\"?event_id=394143937280616&amp;skip_groups=false\">\n\t\t\t\tSem (BA\/MEd\/MA-EU) Deutschland in Europa, Europa in Deutschland<\/a><br>\n\t\t\t\tInstructor: Dr. Alexandru Filip\t\t\t\t\t\t<\/li>\n\t\t\t\t\t<li>\n\t\t\t<a href=\"?event_id=394143936751552&amp;skip_groups=false\">\n\t\t\t\tSem (BA\/MEd\/MA-EU) Political Efficacy &#8211; A classical concept renewed<\/a><br>\n\t\t\t\tInstructor: Dr. habil. Jasmin Fitzpatrick\t\t\t\t\t\t<\/li>\n\t\t\t\t\t<li>\n\t\t\t<a href=\"?event_id=394143937286621&amp;skip_groups=false\">\n\t\t\t\tSem (MA auch Projektsem.) Einfl\u00fcsse von Institutionen und anderen Kontextfaktoren auf politische Einstellungen und politisches Verhalten<\/a><br>\n\t\t\t\tInstructor: Univ.-Prof. Dr. Kai Arzheimer\t\t\t\t\t\t<\/li>\n\t\t\t\t\t<li>\n\t\t\t<a href=\"?event_id=394143936292468&amp;skip_groups=false\">\n\t\t\t\tSem BQ Mit Politikwissenschaft in den Beruf<\/a><br>\n\t\t\t\tInstructor: Dr. habil. Jasmin Fitzpatrick\t\t\t\t\t\t<\/li>\n\t\t\t\t\t<li>\n\t\t\t<a href=\"?event_id=394143933281894&amp;skip_groups=false\">\n\t\t\t\tSem Fachspez. Anw.: Angewandte Empirische Demokratieforschung<\/a><br>\n\t\t\t\tInstructor: Dr. Alexandru Filip\t\t\t\t\t\t<\/li>\n\t\t\t\t\t<li>\n\t\t\t<a href=\"?event_id=394143935794351&amp;skip_groups=false\">\n\t\t\t\tSem Statistik I<\/a><br>\n\t\t\t\tInstructor: Fabio Best; Dr. Alexandru Filip; Lion Robin Merten; Dr. Holger Reinermann\t\t\t\t\t\t<\/li>\n\t\t\t\t\t<li>\n\t\t\t<a href=\"?event_id=394143935927400&amp;skip_groups=false\">\n\t\t\t\tV Ringvorlesung: Sie fragen sich, ob diese Geschichte wahr ist? Verschw\u00f6rungsglaube und alternative \u00dcberzeugungssysteme als Herausforderung f\u00fcr die Demokratie<\/a><br>\n\t\t\t\tInstructor: Tim Niklas Bartnik; Frederic Gabriel Hemler; Victoria Kr\u00fcger; Hannah Schilling\t\t\t\t\t\t<\/li>\n\t\t\t\t\t<li>\n\t\t\t<a href=\"?event_id=394143935281244&amp;skip_groups=false\">\n\t\t\t\tV Thema Bereich Politisches System der BRD: Parlament und Regierung<\/a><br>\n\t\t\t\tInstructor: Dr. habil. Jasmin Fitzpatrick\t\t\t\t\t\t<\/li>\n\t\t\t\t\t<li>\n\t\t\t<a href=\"?event_id=394143936431503&amp;skip_groups=false\">\n\t\t\t\tV Thema Wirtschaft und Gesellschaft: Grundlagen von Wirtschaftspolitik f\u00fcr Sozialwissenschaften und Lehramt<\/a><br>\n\t\t\t\tInstructor: Univ.-Prof. Dr. Helen Callaghan; Anna Hehenberger\t\t\t\t\t\t<\/li>\n\t\t<\/ol>\n\t<hr>\n<p>\n\tSoSe 2026\t<\/p>\n\n<\/div><\/div>\n<\/jgu-base-section>\n<p><\/p>\n    <div style=\"display: none\">\n        \n    <\/div>","protected":false},"excerpt":{"rendered":"","protected":false},"author":1647,"featured_media":0,"parent":0,"menu_order":0,"comment_status":"closed","ping_status":"closed","template":"","meta":{"footnotes":""},"categories":[],"tags":[],"class_list":["post-10482","page","type-page","status-publish","hentry"],"content_raw":"<!-- wp:spacer -->\n<div style=\"height:90px\" aria-hidden=\"true\" class=\"wp-block-spacer\"><\/div>\n<!-- \/wp:spacer --><!-- wp:jgu\/pageheader {\"items\":[{\"box\":{\"index\":\"Research Unit\",\"title\":\"German Politics\/\\u003Cbr\\u003EPolitical Sociology\",\"link\":{\"url\":\"\",\"title\":\"learn more\"}},\"color\":\"red\",\"image\":{\"url\":null,\"id\":10743,\"credit\":\"AdobeStock_225856806; Knut Hebstreit\",\"description\":\"Bundestag im Reichstagsgeb\u00e4ude in der Herbstsonne.\",\"alt\":\"Bundestag im Reichstagsgeb\u00e4ude in der Herbstsonne\"},\"imgCredit\":\"\",\"useVideo\":false,\"video\":false}],\"type\":\"default\",\"useBreadcrumb\":true} \/--><!-- wp:jgu\/anchornavigation {\"theme\":\"default\"} \/--><!-- wp:jgu\/section {\"color\": \"light\"} -->\n<div class=\"jgu-bgsection bg bg-light\"><div class=\"content padding-medium\"><!-- wp:jgu\/anchorpoint {\"title\":\"German Politics\/Political Sociology\",\"slug\":\"area-domestic-politics-political-sociology\"} \/-->\n\n<!-- wp:jgu\/heading {\"index\":\"Research Unit\",\"tags\":{\"htmlTag\":\"h2\",\"classTag\":\"\",\"tag\":\"h2\"},\"heading\":\"German Politics\/Political Sociology\"} \/-->\n\n<!-- wp:columns -->\n<div class=\"wp-block-columns\"><!-- wp:column -->\n<div class=\"wp-block-column\"><!-- wp:paragraph {\"translatedWithWPMLTM\":\"1\"} -->\n<p>We research and teach on topics of (German) domestic politics and political sociology. This includes, above all, election, attitude and party research. A particular focus of our department are the areas of right-wing extremism, right-wing radicalism and right-wing populism.  <\/p>\n<!-- \/wp:paragraph --><\/div>\n<!-- \/wp:column -->\n\n<!-- wp:column -->\n<div class=\"wp-block-column\"><!-- wp:jgu\/image {\"image\":{\"url\":null,\"id\":10737,\"alt\":\"Abteilung Innenpolitik 2025 mit Prof. Arzheimer und allen Mitarbeiter:innen\",\"caption\":\"Abteilung Innenpolitik 2025\",\"credit\":\"Simone Schaller\",\"description\":\"Abteilung Innenpolitik 2025 mit Prof. Arzheimer und allen Mitarbeiter:innen\",\"title\":\"Abteilung Innenpolitik 2025\"},\"caption\":\"German Politics\/Political Sociology\"} \/--><\/div>\n<!-- \/wp:column --><\/div>\n<!-- \/wp:columns --><\/div><\/div>\n<!-- \/wp:jgu\/section --><!-- wp:jgu\/section {\"color\": \"white\"} -->\n<div class=\"jgu-bgsection bg bg-white\"><div class=\"content padding-medium\"><!-- wp:jgu\/anchorpoint {\"title\":\"News\",\"slug\":\"news\",\"className\":\"\"} \/-->\n\n<!-- wp:jgu\/heading {\"index\":\"News\",\"tags\":{\"htmlTag\":\"h2\",\"classTag\":\"h1\",\"tag\":\"h2.h1\"},\"heading\":\"News and Publications\",\"className\":\"\"} \/-->\n\n<!-- wp:jgu\/post-listing {\"categories\":[\"734;all\"],\"color\":\"blue\"} \/-->\n\n<!-- wp:jgu\/button -->\n<!-- wp:jgu\/button-item {\"text\":\"To the newsroom\",\"styling\":\"default\",\"link\":{\"url\":\"https:\/\/cms.zdv.uni-mainz.de\/fb02-innenpolitik\/newsroom-innenpolitik-politische-soziologie\/\",\"linkTarget\":\"\",\"rel\":\"\"}} \/-->\n<!-- \/wp:jgu\/button --><\/div><\/div>\n<!-- \/wp:jgu\/section --><!-- wp:jgu\/section {\"color\": \"white\"} -->\n<div class=\"jgu-bgsection bg bg-white\"><div class=\"content padding-medium\"><!-- wp:jgu\/anchorpoint {\"title\":\"Team\",\"slug\":\"team\",\"className\":\"\"} \/-->\n\n<!-- wp:jgu\/heading {\"index\":\"Team\",\"tags\":{\"htmlTag\":\"h2\",\"classTag\":\"\",\"tag\":\"h2\"},\"heading\":\"Members of the German Politics\/Political Sociology Unit\",\"className\":\"\"} \/-->\n\n<!-- wp:columns -->\n<div class=\"wp-block-columns\"><!-- wp:column -->\n<div class=\"wp-block-column\"><\/div>\n<!-- \/wp:column --><\/div>\n<!-- \/wp:columns -->\n\n<!-- wp:jgu\/slider {\"slidesCount\": 3, \"perPage\": 3} -->\n\n<!-- wp:jgu\/idm-person {\"id\":\"20\",\"organizationId\":613,\"roleId\":13} \/-->\n\n<!-- wp:jgu\/button -->\n<!-- wp:jgu\/button-item {\"text\":\"More information\",\"styling\":\"default\",\"link\":{\"url\":\"https:\/\/cms.zdv.uni-mainz.de\/fb02-innenpolitik\/univ-prof-dr-kai-arzheimer\/\",\"linkTarget\":\"\",\"rel\":\"\"}} \/-->\n<!-- \/wp:jgu\/button -->\n\n\n\n<!-- wp:jgu\/idm-person {\"id\":\"269484\",\"organizationId\":611,\"roleId\":11} \/-->\n\n<!-- wp:jgu\/button -->\n<!-- wp:jgu\/button-item {\"text\":\"More information\",\"styling\":\"default\",\"link\":{\"url\":\"https:\/\/cms.zdv.uni-mainz.de\/fb02-innenpolitik\/dr-alexandru-filip\/\",\"linkTarget\":\"\",\"rel\":\"\"}} \/-->\n<!-- \/wp:jgu\/button -->\n\n\n\n<!-- wp:jgu\/idm-person {\"id\":\"3294\",\"organizationId\":611,\"roleId\":11} \/-->\n\n<!-- wp:jgu\/button -->\n<!-- wp:jgu\/button-item {\"text\":\"More information\",\"styling\":\"default\",\"link\":{\"url\":\"https:\/\/cms.zdv.uni-mainz.de\/fb02-innenpolitik\/dr-jasmin-fitzpatrick\/\"}} \/-->\n<!-- \/wp:jgu\/button -->\n\n<!-- \/wp:jgu\/slider -->\n\n<!-- wp:jgu\/slider {\"slidesCount\": 3, \"perPage\": 3} -->\n\n<!-- wp:jgu\/idm-person {\"id\":\"306045\",\"organizationId\":613,\"roleId\":16} \/-->\n\n<!-- wp:jgu\/button -->\n<!-- wp:jgu\/button-item {\"text\":\"More information\",\"styling\":\"default\",\"link\":{\"url\":\"https:\/\/cms.zdv.uni-mainz.de\/fb02-innenpolitik\/anna-lopatina-m-a\/\",\"linkTarget\":\"\",\"rel\":\"\"}} \/-->\n<!-- \/wp:jgu\/button -->\n\n\n\n<!-- wp:jgu\/idm-person {\"id\":\"2458\",\"organizationId\":613,\"roleId\":111} \/-->\n\n<!-- wp:jgu\/button -->\n<!-- wp:jgu\/button-item {\"text\":\"More information\",\"styling\":\"default\",\"link\":{\"url\":\"https:\/\/cms.zdv.uni-mainz.de\/fb02-innenpolitik\/dagmar-mccaslin\/\",\"linkTarget\":\"\",\"rel\":\"\"}} \/-->\n<!-- \/wp:jgu\/button -->\n\n\n\n<!-- wp:jgu\/idm-person {\"id\":\"258960\",\"organizationId\":613,\"roleId\":16} \/-->\n\n<!-- wp:jgu\/button -->\n<!-- wp:jgu\/button-item {\"text\":\"More information\",\"styling\":\"default\",\"link\":{\"url\":\"https:\/\/cms.zdv.uni-mainz.de\/fb02-innenpolitik\/dr-paula-windecker\/\",\"linkTarget\":\"\",\"rel\":\"\"}} \/-->\n<!-- \/wp:jgu\/button -->\n\n<!-- \/wp:jgu\/slider -->\n\n<!-- wp:jgu\/button -->\n<!-- wp:jgu\/button-item {\"text\":\"Other employees\",\"link\":{\"url\":\"https:\/\/cms.zdv.uni-mainz.de\/fb02-innenpolitik\/weitere-beschaeftigte-innenpolitik-politische-soziologie\/\",\"linkTarget\":\"\",\"rel\":\"\"}} \/-->\n<!-- \/wp:jgu\/button --><\/div><\/div>\n<!-- \/wp:jgu\/section --><!-- wp:jgu\/section {\"color\": \"light\"} -->\n<div class=\"jgu-bgsection bg bg-light\"><div class=\"content padding-medium\"><!-- wp:jgu\/anchorpoint {\"title\":\"Research\",\"slug\":\"research\"} \/-->\n\n<!-- wp:jgu\/heading {\"index\":\"Research\",\"tags\":{\"htmlTag\":\"h2\",\"classTag\":\"\",\"tag\":\"h2\"},\"heading\":\"Ongoing Research Projects\",\"className\":\"\"} \/-->\n\n<!-- wp:jgu\/accordion {\"selected\":6} -->\n<!-- wp:jgu\/accordion-item {\"title\":\"INSIDER - INner SIty and DEmocratic Resilience\",\"init\":false,\"slug\":\"insider-innere-sicherheit-und-demokratische-resilienz\"} -->\n<!-- wp:paragraph {\"translatedWithWPMLTM\":\"1\"} -->\n<p><em>Funding<\/em>: <br\/><em>Head<\/em>: Univ.-Prof. Dr. Kai Arzheimer<br\/><em>Employees<\/em>: Ren\u00e9 Selbach<\/p>\n<!-- \/wp:paragraph -->\n\n<!-- wp:paragraph {\"translatedWithWPMLTM\":\"1\"} -->\n<p>In the project \"INSIDER - INner Security and DEmocratic Resilience. Conditions and interactions of police action in a pluralistic society\", research teams from the universities of Trier and Mainz from the fields of political science, sociology and psychology are investigating the relationship between the police and society in Rhineland-Palatinate.<\/p>\n<!-- \/wp:paragraph -->\n\n<!-- wp:paragraph {\"translatedWithWPMLTM\":\"1\"} -->\n<p>Specifically, the political science sub-project is concerned with the question of the extent to which political attitudes and value orientations of police officers differ from those of the general population and the extent to which work-related and other factors can influence these attitudes. To this end, two standardized, computer-assisted surveys of all members of the police force in Rhineland-Palatinate are planned. In addition to police officers, civil servants and salaried employees in the administration of the police headquarters will also be surveyed.  <\/p>\n<!-- \/wp:paragraph -->\n\n<!-- wp:paragraph {\"translatedWithWPMLTM\":\"1\"} -->\n<p>The aim of the entire project is to provide concrete recommendations on how to prevent prejudices among police officers and social groups. To this end, the research findings are to be used in the training of police officers. The research center of the Rhineland-Palatinate Police University is supporting the three-year study. The study is funded by the Rhineland-Palatinate Ministry of the Interior and Sport.   <\/p>\n<!-- \/wp:paragraph -->\n<!-- \/wp:jgu\/accordion-item -->\n\n<!-- wp:jgu\/accordion-item {\"title\":\"EU-People2024\",\"init\":false,\"slug\":\"eu-people2024\"} -->\n<!-- wp:paragraph {\"translatedWithWPMLTM\":\"1\"} -->\n<p><em>Head<\/em> in Mainz: Dr. Jasmin Fitzpatrick<\/p>\n<!-- \/wp:paragraph -->\n\n<!-- wp:paragraph {\"translatedWithWPMLTM\":\"1\"} -->\n<p>Against the backdrop of various crises (democratic, security, immigration, and climate change) marked by a continuing high level of mistrust of politics and the traditional media, are digital tools - particularly social networks - gaining in importance and influence during elections? Against the backdrop of a fast-changing online campaigning environment, increased mis\/dis-information and AI generated content, this project explores the influence of digital and legacy media on the attitudes and electoral behavior of the citizenry in the 2024 European Parliamentary Elections across eight European countries. <\/p>\n<!-- \/wp:paragraph -->\n\n<!-- wp:paragraph {\"translatedWithWPMLTM\":\"1\"} -->\n<p>To do so, the project conducts an online post-election survey examining the persistent role and importance of traditional drivers of electoral participation and choice (age, socio-professional category, gender, level of education, wealth, relationship to religion). It also looks at the influence of the (digital and legacy) media and digital campaign on the political efficacy and voting behavior of citizens. In order to answer these questions, an online survey was carried out among a representative sample of the population in seven European countries in the weeks following the election (10\/06\/2024 onwards). This post-election national survey will be used for both scientific publications and popular dissemination, particularly in the media. Once the main outputs have been published, the research data will then be made available to the scientific community via a data warehouse that complies with FAIR principles, as part of an open science approach.    <\/p>\n<!-- \/wp:paragraph -->\n\n<!-- wp:jgu\/button -->\n<!-- wp:jgu\/button-item {\"text\":\"Project website\",\"link\":{\"url\":\"https:\/\/cms.zdv.uni-mainz.de\/fb02-innenpolitik\/eu-people2024\/\",\"linkTarget\":\"\",\"rel\":\"\"}} \/-->\n<!-- \/wp:jgu\/button -->\n<!-- \/wp:jgu\/accordion-item -->\n\n<!-- wp:jgu\/accordion-item {\"title\":\"Globalization and Euroscepticism\",\"init\":false,\"slug\":\"globalisierung-und-euroskepsis\"} -->\n<!-- wp:paragraph {\"translatedWithWPMLTM\":\"1\"} -->\n<p><em>Head<\/em>: Dr. Alexandru Filip<\/p>\n<!-- \/wp:paragraph -->\n\n<!-- wp:paragraph {\"translatedWithWPMLTM\":\"1\"} -->\n<p><br\/>Dr. Alexandru Filip has in the past worked on the topic of Euroscepticism as well as researching the so-called globalization trilemma: the degree to which countries can balance and pursue all three aspects - national sovereignty, liberal democracy and globalization.<\/p>\n<!-- \/wp:paragraph -->\n\n<!-- wp:paragraph {\"translatedWithWPMLTM\":\"1\"} -->\n<p>In his previous work, Dr. Filip has explored trends in so-called \"Euroseptic contagion\", describing the way in which the success of Eurosceptic parties can influence mainstream party behavior. Further work in this area of research has also examined the way in which inclusive and exclusive identity characteristics explain individuals' propensity to support radical political parties. During his time at the Hertie School of Governance, Dr. Filip worked to describe the extent to which countries manage to navigate the often contradictory pursuit of national sovereignty, the protection of social cohesion, the preservation of liberal democracy, and the commitment to economic globalization. His work mapped the social, political and economic pressures countries face according to the aforementioned \"globalization paradox\" and their consequences.   <\/p>\n<!-- \/wp:paragraph -->\n<!-- \/wp:jgu\/accordion-item -->\n\n<!-- wp:jgu\/accordion-item {\"title\":\"Disloyal electorates, party changes and the emergence of new parties\",\"init\":false,\"slug\":\"untreue-wahlerschaften-parteiwechsel-und-das-aufkommen-neuer-parteien\"} -->\n<!-- wp:paragraph {\"translatedWithWPMLTM\":\"1\"} -->\n<p>In the coming year, Mr. Filip will be working on a series of articles exploring the dynamics of party\/vote switching as well as examining (and comparing) the constituencies associated with these trends in more detail.<\/p>\n<!-- \/wp:paragraph -->\n\n<!-- wp:paragraph {\"translatedWithWPMLTM\":\"1\"} -->\n<p>The moderate mainstream parties are experiencing a decline in voter support as more and more of their electorate is turning away from politics, be it because of globalization, immigration, rising inequality, the environment, general apathy and disenchantment with parties. However, significant parts of this electorate are not leaving the political stage, but are instead giving their vote to political actors outside the established mainstream, such as the far right, green parties or new social liberal parties. <\/p>\n<!-- \/wp:paragraph -->\n\n<!-- wp:paragraph {\"translatedWithWPMLTM\":\"1\"} -->\n<p>However, these voters and voter groups are diverse and vary in their motivations, as do the (target) parties they vote for\". This research agenda will examine which of these different groups of voters defect to which other parties (and explore the issues that cause such shifts), and examine the socio-demographic, economic, cultural and ideational characteristics of these party-switching dynamics. <\/p>\n<!-- \/wp:paragraph -->\n<!-- \/wp:jgu\/accordion-item -->\n\n<!-- wp:jgu\/accordion-item {\"title\":\"RELINK\u00b2 - Regaining linkage? Digital technologies improving civic engagement, political organizations and democracy \",\"init\":false,\"slug\":\"relink\u00b2-regaining-linkage-digital-technologies-improving-civic-engagement-political-organisations-and-democracy\"} -->\n<!-- wp:paragraph {\"translatedWithWPMLTM\":\"1\"} -->\n<p><em>Funding institution:<\/em> COST Association \/EU<\/p>\n<!-- \/wp:paragraph -->\n\n<!-- wp:paragraph {\"translatedWithWPMLTM\":\"1\"} -->\n<p><em>Head in Mainz: <\/em>Dr. Jasmin Fitzpatrick (Vice Chair of the COST Action)<\/p>\n<!-- \/wp:paragraph -->\n\n<!-- wp:paragraph -->\n<p>The RELINK2 Action will intensify existing networking efforts of scholars from different disciplinary backgrounds and countries in the EU and beyond, to address two problems:<\/p>\n<!-- \/wp:paragraph -->\n\n<!-- wp:paragraph -->\n<p>(1) How can democracies regain legitimacy and rebuild the link between representative institutions and citizens using the benefits of digital technologies?<\/p>\n<!-- \/wp:paragraph -->\n\n<!-- wp:paragraph {\"translatedWithWPMLTM\":\"1\"} -->\n<p>(2) How can political organizations connect with digitally marginalised but politically active groups (the elderly) and with digitally active but politically marginalized ones (young citizens)?<\/p>\n<!-- \/wp:paragraph -->\n\n<!-- wp:paragraph {\"translatedWithWPMLTM\":\"1\"} -->\n<p>In this regard, RELINK2 aims to find answers to three research gaps: a) the main organisational consequences of the digital transformation and their impact on re-linkage strategies, b) effectiveness of digital transformations in re-connecting intermediary structures with society, c) implementation of political organizations' re-linking strategies to marginalized groups based on responsible use of digital tools. This requires an interdisciplinary and coordinated analytical framework.    <\/p>\n<!-- \/wp:paragraph -->\n\n<!-- wp:paragraph {\"translatedWithWPMLTM\":\"1\"} -->\n<p>The network will tackle challenges through research coordination objectives. Four Working Groups will be formed to bring in expertise on: 1) theoretical and 2) methodological challenges, 3) empirical analysis, 4) engagement and dissemination.     <\/p>\n<!-- \/wp:paragraph -->\n\n<!-- wp:paragraph {\"translatedWithWPMLTM\":\"1\"} -->\n<p>RELINK2 will provide new opportunities to strengthen the career development of specific target groups and disseminate knowledge to countries and political organizations with less capacity in the field of the Action.<\/p>\n<!-- \/wp:paragraph -->\n\n<!-- wp:paragraph {\"translatedWithWPMLTM\":\"1\"} -->\n<p>The practical implication of the Action is to create impact beyond the network. RELINK2 will develop a strong cooperation with stakeholders to integrate a non-academic point of view, identify good practices, and prepare recommendations. The Action aims to meet its objectives through a knowledge production and exchange with relevant stakeholders.  <\/p>\n<!-- \/wp:paragraph -->\n\n<!-- wp:jgu\/button -->\n<!-- wp:jgu\/button-item {\"text\":\"Project website\",\"link\":{\"url\":\"https:\/\/www.cost.eu\/actions\/CA23114\/\",\"linkTarget\":\"\",\"rel\":\"\"}} \/-->\n<!-- \/wp:jgu\/button -->\n<!-- \/wp:jgu\/accordion-item -->\n\n<!-- wp:jgu\/accordion-item {\"title\":\"Determinants of negative party identification towards radical right-wing populist parties  \",\"init\":false,\"slug\":\"determinanten-der-negativen-parteiidentifikation-gegenuber-radikal-rechtspopulistischen-parteien\"} -->\n<!-- wp:paragraph {\"translatedWithWPMLTM\":\"1\"} -->\n<p>Head: Ren\u00e9 Selbach, M.A.  <\/p>\n<!-- \/wp:paragraph -->\n\n<!-- wp:paragraph {\"translatedWithWPMLTM\":\"1\"} -->\n<p>While party identification is considered one of the strongest determinants to explain voting decisions in general, it has long been underestimated, if not ignored, when it comes to researching voting behavior in favor of radical right-wing populist parties. More recent studies emphasize the importance of party identification by arguing that a lack of identification with established parties or even negative attitudes towards these parties are necessary preconditions for voting for populist parties. In Western Europe, however, it is the radical right-wing populist party family that experiences the greatest rejection among the population. In contrast to the group of voters of radical right-wing populist parties, the large group of those who have negative attitudes towards a radical right-wing populist party is likely to be very heterogeneous. Although voter heterogeneity is well known in the literature, it is rarely adequately modeled. The aim of the dissertation project is therefore to combine the state of research on negative party identification and voter heterogeneity in the context of research on voting behavior and radical right-wing populist parties in order to answer the following questions: What factors lead to negative party identification towards right-wing populist parties, to what extent does the strength of the factors vary between different subgroups of the electorate, and what are the consequences of negative party identification towards radical right-wing populist parties for voting behavior in general? To answer these questions, representative survey data will be analyzed using advanced analytical techniques such as multiple group comparisons and structural equation modeling.      <\/p>\n<!-- \/wp:paragraph -->\n<!-- \/wp:jgu\/accordion-item -->\n\n<!-- wp:jgu\/accordion-item {\"title\":\"Recently completed projects\",\"init\":false,\"slug\":\"kurzlich-abgeschlossene-projekte\"} -->\n<!-- wp:paragraph {\"translatedWithWPMLTM\":\"1\"} -->\n<p><strong>Electoral Integrity in Germany: A Reassessment of the Quality of Democratic Elections from the Citizens' Perspective<\/strong><\/p>\n<!-- \/wp:paragraph -->\n\n<!-- wp:paragraph {\"translatedWithWPMLTM\":\"1\"} -->\n<p>Head: Dr. Paula Windecker (doctoral project)<\/p>\n<!-- \/wp:paragraph -->\n\n<!-- wp:paragraph {\"translatedWithWPMLTM\":\"1\"} -->\n<p>The scientific concept used to determine the quality of elections is called <em>electoral integrity<\/em>. Existing research relies primarily on expert surveys and focuses on defective democracies and semi-democratic systems to measure electoral integrity and assess its determinants and consequences. Instruments that measure electoral integrity from the perspective of the population are less sophisticated and often have considerable weaknesses. Furthermore, there is no consensus on the definition of electoral integrity, which further calls into question the validity of existing measurement instruments. It therefore remains unclear how citizens perceive electoral integrity, especially in established democracies where experts usually rate electoral integrity very highly.    <\/p>\n<!-- \/wp:paragraph -->\n\n<!-- wp:paragraph {\"translatedWithWPMLTM\":\"1\"} -->\n<p>Campaigns by populist initiatives and parties, as well as technical and human failures related to the conduct of elections, together with developments that can be observed in Germany and other established Western democracies, such as strong vote losses for established parties, social polarization, disenchantment with politics and the use of new, alternative forms of participation, could be reflected in more differentiated and possibly more ambivalent assessments of electoral integrity by the population than expert judgements suggest. This makes Germany, as a prime example of a high degree of electoral integrity in expert representations, an exciting case for my project. How does the German population perceive electoral integrity? The aim of my dissertation project is to make these assessments visible in all their differentiation with the help of a new measuring instrument. The starting point is a critical evaluation of the concept and the prevailing definition of electoral integrity before a new measurement instrument is developed, empirically tested and applied. Both classic survey research methods and survey experiments are used in the process     <\/p>\n<!-- \/wp:paragraph -->\n\n<!-- wp:paragraph -->\n<p><\/p>\n<!-- \/wp:paragraph -->\n\n<!-- wp:paragraph {\"translatedWithWPMLTM\":\"1\"} -->\n<p><strong>Political parties in the context of technological change<\/strong><\/p>\n<!-- \/wp:paragraph -->\n\n<!-- wp:paragraph {\"translatedWithWPMLTM\":\"1\"} -->\n<p>Dr. Jasmin Fitzpatrick (habilitation project)<\/p>\n<!-- \/wp:paragraph -->\n\n<!-- wp:paragraph {\"translatedWithWPMLTM\":\"1\"} -->\n<p>Technological achievements change human coexistence. In the political science debate, the focus can be on how technologies change processes such as elections or voting. However, technologies can also be the subject of political science issues. Technologies polarize not only within societies when it comes to ethical standards regarding their use. There is also a constant need for discussion and research with regard to their universal availability, as this is directly linked to questions of inequality and justice (e.g. O'Neil 2017, Eubanks 2018).    <\/p>\n<!-- \/wp:paragraph -->\n\n<!-- wp:paragraph {\"translatedWithWPMLTM\":\"1\"} -->\n<p>Since the 1960s, a social science research field has been dealing with the diffusion of innovations (Rogers 2003), covering various areas of technological developments (e.g. also the diffusion of fertilizers in agriculture). The present research programme takes a meso perspective by focusing on adaptation processes of political organizations. Technological change is considered in two facets: (1) digitalization processes of political parties and (2) reactions of political actors to technological change. These facets focus on different areas of political science and address questions within these that form the basis of the submitted papers.   <\/p>\n<!-- \/wp:paragraph -->\n<!-- \/wp:jgu\/accordion-item -->\n<!-- \/wp:jgu\/accordion --><\/div><\/div>\n<!-- \/wp:jgu\/section --><!-- wp:jgu\/section {\"color\": \"white\"} -->\n<div class=\"jgu-bgsection bg bg-white\"><div class=\"content padding-medium\"><!-- wp:jgu\/anchorpoint {\"title\":\"Teaching\",\"slug\":\"teaching\"} \/-->\n\n<!-- wp:jgu\/heading {\"index\":\"Teaching\",\"tags\":{\"htmlTag\":\"h2\",\"classTag\":\"\",\"tag\":\"h2\"},\"heading\":\"Courses\",\"className\":\"alignwide\"} \/-->\n\n<!-- wp:columns -->\n<div class=\"wp-block-columns\"><!-- wp:column -->\n<div class=\"wp-block-column\"><!-- wp:jgu\/alertbox {\"headline\":\"The Research Unit of German Politics\/Political Sociology offers courses as part of the following degree programs:\",\"children\":\"Political Science (Bachelor of Arts)\\u003Cbr\\u003ESocial Studies (Bachelor\/Master of Education)\\u003Cbr\\u003EPolitics and Democracy Research (Master of Arts)\\u003Cbr\\u003EPolitical Economy and International Relations (Master of Arts)\\u003Cbr\\u003EEuropean Studies (Master of Arts)\\u003Cbr\\u003E\\u003Cbr\\u003EYou can find information about the respective degree programs under the degree program information:\"} \/-->\n\n<!-- wp:jgu\/button -->\n<!-- wp:jgu\/button-item {\"text\":\"Study Programs\",\"styling\":\"default\"} \/-->\n<!-- \/wp:jgu\/button --><\/div>\n<!-- \/wp:column -->\n\n<!-- wp:column -->\n<div class=\"wp-block-column\"><!-- wp:jgu\/alertbox {\"headline\":\"Information on Bachelor Theses\",\"children\":\"Prof. Dr. Kai Arzheimer, Dr. Jasmin Fitzpatrick, Dr. Alexandru Filip and Dr. Paula Windecker are authorized to supervise Bachelor\\u0027s theses in the field of domestic policy\/political sociology. It is not necessary to have completed a seminar with your chosen supervisor. \\u003Cbr\\u003EHowever, your topic should be within the research focus of the research unit (see above).\\u003Cbr\\u003EIf you would like to write a Bachelor\\u0027s thesis in the field of German Politics\/Political Sociology, it is necessary that you register for a consultation appointment and send your desired supervisor a short synopsis of your intended project by e-mail at least two days before the consultation.\\u003Cbr\\u003EYour synopsis should be about one page in length and should include as specific a research question as possible and indicate its scientific relevance, the planned theoretical framework and briefly describe how you intend to proceed (first rough outline of the thesis), if applicable: include your data basis and initial working hypotheses.\\u003Cbr\\u003EPlan well in advance: you have eight weeks to complete your B.A. thesis, the correction of the thesis takes about 4-6 weeks, followed by the oral examination for the Bachelor\\u0027s thesis.\\u003Cbr\\u003EPlease ask your supervisor for information on the exact structure of the oral examination. For general preparation for the oral examination, we recommend the following reading: \",\"iconColor\":\"red\",\"iconOverHeadline\":true} \/-->\n\n<!-- wp:jgu\/button -->\n<!-- wp:jgu\/button-item {\"text\":\"Bensberg (2024)\",\"styling\":\"default\",\"link\":{\"url\":\"https:\/\/link.springer.com\/chapter\/10.1007\/978-3-662-43419-2_7\",\"linkTarget\":\"\",\"rel\":\"\"}} \/-->\n\n<!-- wp:jgu\/button-item {\"text\":\"Handouts for term papers and final theses\",\"icon\":\"download-solid\",\"link\":{\"url\":\"https:\/\/cms.zdv.uni-mainz.de\/fb02-innenpolitik\/wp-content\/uploads\/sites\/734\/2025\/07\/Hausarbeit_Handreichung_Politikwissenschaft_JGU.pdf\",\"linkTarget\":\"\",\"rel\":\"\"}} \/-->\n<!-- \/wp:jgu\/button --><\/div>\n<!-- \/wp:column --><\/div>\n<!-- \/wp:columns -->\n\n<!-- wp:spacer -->\n<div style=\"height:90px\" aria-hidden=\"true\" class=\"wp-block-spacer\"><\/div>\n<!-- \/wp:spacer -->\n\n<!-- wp:paragraph {\"fontSize\":\"big\",\"translatedWithWPMLTM\":\"1\"} -->\n<p class=\"has-big-font-size\">The Empirical Political Research unit offers the following courses in the current semester.<\/p>\n<!-- \/wp:paragraph -->\n\n<!-- wp:paragraph {\"fontSize\":\"big\"} -->\n<p class=\"has-big-font-size\"><\/p>\n<!-- \/wp:paragraph -->\n\n<!-- wp:jgu\/jogustine {\"orgunit\":\"Politikwissenschaft\",\"instructor\":\"Arzheimer, Kai, Filip, Alexandru, Fitzpatrick, Jasmin, Lopatina, Anna, Windecker, Paula\"} \/--><\/div><\/div>\n<!-- \/wp:jgu\/section --><!-- wp:paragraph -->\n<p><\/p>\n<!-- \/wp:paragraph -->","_links":{"self":[{"href":"https:\/\/innen.politik.uni-mainz.de\/en\/wp-json\/wp\/v2\/pages\/10482","targetHints":{"allow":["GET"]}}],"collection":[{"href":"https:\/\/innen.politik.uni-mainz.de\/en\/wp-json\/wp\/v2\/pages"}],"about":[{"href":"https:\/\/innen.politik.uni-mainz.de\/en\/wp-json\/wp\/v2\/types\/page"}],"author":[{"embeddable":true,"href":"https:\/\/innen.politik.uni-mainz.de\/en\/wp-json\/wp\/v2\/users\/1647"}],"replies":[{"embeddable":true,"href":"https:\/\/innen.politik.uni-mainz.de\/en\/wp-json\/wp\/v2\/comments?post=10482"}],"version-history":[{"count":15,"href":"https:\/\/innen.politik.uni-mainz.de\/en\/wp-json\/wp\/v2\/pages\/10482\/revisions"}],"predecessor-version":[{"id":10813,"href":"https:\/\/innen.politik.uni-mainz.de\/en\/wp-json\/wp\/v2\/pages\/10482\/revisions\/10813"}],"wp:attachment":[{"href":"https:\/\/innen.politik.uni-mainz.de\/en\/wp-json\/wp\/v2\/media?parent=10482"}],"wp:term":[{"taxonomy":"category","embeddable":true,"href":"https:\/\/innen.politik.uni-mainz.de\/en\/wp-json\/wp\/v2\/categories?post=10482"},{"taxonomy":"post_tag","embeddable":true,"href":"https:\/\/innen.politik.uni-mainz.de\/en\/wp-json\/wp\/v2\/tags?post=10482"}],"curies":[{"name":"wp","href":"https:\/\/api.w.org\/{rel}","templated":true}]}}